{"id":35870,"date":"2026-05-22T13:18:42","date_gmt":"2026-05-22T17:18:42","guid":{"rendered":"https:\/\/cliniqueomicron.ca\/?page_id=35870"},"modified":"2026-05-22T14:01:08","modified_gmt":"2026-05-22T18:01:08","slug":"engagement-communautaire","status":"publish","type":"page","link":"https:\/\/cliniqueomicron.ca\/en\/engagement-communautaire\/","title":{"rendered":"Engagement communautaire au Qu\u00e9bec | Clinique Omicron"},"content":{"rendered":"\t\t<div data-elementor-type=\"wp-page\" data-elementor-id=\"35870\" class=\"elementor elementor-35870\" data-elementor-post-type=\"page\">\n\t\t\t\t<div class=\"elementor-element elementor-element-2b8386a e-flex e-con-boxed e-con e-parent\" data-id=\"2b8386a\" data-element_type=\"container\" data-e-type=\"container\" data-settings=\"{&quot;ekit_has_onepagescroll_dot&quot;:&quot;yes&quot;}\">\n\t\t\t\t\t<div class=\"e-con-inner\">\n\t\t\t\t<div class=\"elementor-element elementor-element-f8dcff0 elementor-widget elementor-widget-html\" data-id=\"f8dcff0\" data-element_type=\"widget\" data-e-type=\"widget\" data-settings=\"{&quot;ekit_we_effect_on&quot;:&quot;none&quot;}\" data-widget_type=\"html.default\">\n\t\t\t\t<div class=\"elementor-widget-container\">\n\t\t\t\t\t<link href=\"https:\/\/fonts.googleapis.com\/css2?family=Poppins:wght@400;500;600&display=swap\" rel=\"stylesheet\">\n\n<style>\n.co-blog-intro { margin-bottom: 16px; }\n.co-blog-intro h1 {\n  font-family: 'Poppins', sans-serif;\n  font-size: 28px;\n  font-weight: 600;\n  color: #323C52;\n  margin: 0 0 8px 0;\n  line-height: 1.2;\n}\n.co-blog-intro h1 a {\n  color: #323C52;\n  text-decoration: none;\n}\n.co-blog-intro h1 a:hover {\n  color: #323C52;\n  text-decoration: none;\n}\n.co-blog-intro p {\n  font-family: 'Poppins', sans-serif;\n  font-size: 14px;\n  font-weight: 400;\n  color: #6b7280;\n  margin: 0;\n  line-height: 1.6;\n}\n<\/style>\n\n<div class=\"co-blog-intro\">\n  <h1><a href=\"https:\/\/cliniqueomicron.ca\/engagement-communautaire\/\">Engagement communautaire<\/a><\/h1>\n  <p>Initiatives, partenariats et activit\u00e9s de sensibilisation men\u00e9s par le r\u00e9seau Clinique Omicron aupr\u00e8s des communaut\u00e9s du Qu\u00e9bec.<\/p>\n<\/div>\n\t\t\t\t<\/div>\n\t\t\t\t<\/div>\n\t\t\t\t\t<\/div>\n\t\t\t\t<\/div>\n\t\t<div class=\"elementor-element elementor-element-cd9cccb e-flex e-con-boxed e-con e-parent\" data-id=\"cd9cccb\" data-element_type=\"container\" data-e-type=\"container\" data-settings=\"{&quot;ekit_has_onepagescroll_dot&quot;:&quot;yes&quot;}\">\n\t\t\t\t\t<div class=\"e-con-inner\">\n\t\t\t\t<div class=\"elementor-element elementor-element-195f3fe elementor-widget elementor-widget-html\" data-id=\"195f3fe\" data-element_type=\"widget\" data-e-type=\"widget\" data-settings=\"{&quot;ekit_we_effect_on&quot;:&quot;none&quot;}\" data-widget_type=\"html.default\">\n\t\t\t\t<div class=\"elementor-widget-container\">\n\t\t\t\t\t<style>\n.eng-cat-tabs {\n  display: flex;\n  flex-wrap: wrap;\n  gap: 8px;\n  margin: 16px 0 32px 0;\n  font-family: 'Poppins', sans-serif;\n}\n.eng-cat-tabs .tab {\n  display: inline-block;\n  padding: 8px 16px;\n  background: #F4F6F8;\n  color: #323C52;\n  border-radius: 999px;\n  font-size: 14px;\n  font-weight: 500;\n  text-decoration: none;\n  transition: all 0.2s ease;\n  border: 1px solid transparent;\n}\n.eng-cat-tabs .tab:hover {\n  background: #FFFFFF;\n  border-color: #323C52;\n  color: #323C52;\n  text-decoration: none;\n}\n.eng-cat-tabs .tab.active {\n  background: #323C52;\n  color: #FFFFFF;\n}\n<\/style>\n\n<nav class=\"eng-cat-tabs\" aria-label=\"Filtres engagement communautaire\">\n  <a class=\"tab\" href=\"\/engagement-communautaire\/\">Toutes les r\u00e9alisations<\/a>\n  <a class=\"tab\" href=\"\/engagement-communautaire\/?tag=conferences-sante\">Conf\u00e9rences sant\u00e9<\/a>\n  <a class=\"tab\" href=\"\/engagement-communautaire\/?tag=partenariats\">Partenariats<\/a>\n  <a class=\"tab\" href=\"\/engagement-communautaire\/?tag=sensibilisation\">Sensibilisation<\/a>\n  <a class=\"tab\" href=\"\/engagement-communautaire\/?tag=prevention-communautaire\">Pr\u00e9vention<\/a>\n  <a class=\"tab\" href=\"\/engagement-communautaire\/?tag=activites-etudiantes\">Activit\u00e9s \u00e9tudiantes<\/a>\n<\/nav>\n\t\t\t\t<\/div>\n\t\t\t\t<\/div>\n\t\t<div class=\"elementor-element elementor-element-31eb0e4 e-con-full e-flex e-con e-child\" data-id=\"31eb0e4\" data-element_type=\"container\" data-e-type=\"container\" data-settings=\"{&quot;ekit_has_onepagescroll_dot&quot;:&quot;yes&quot;}\">\n\t\t\t\t<div class=\"elementor-element elementor-element-fffdba9 elementor-widget__width-inherit elementor-grid-4 elementor-grid-tablet-2 elementor-grid-mobile-1 elementor-widget elementor-widget-loop-grid\" data-id=\"fffdba9\" data-element_type=\"widget\" data-e-type=\"widget\" data-settings=\"{&quot;template_id&quot;:21734,&quot;columns&quot;:4,&quot;pagination_type&quot;:&quot;numbers_and_prev_next&quot;,&quot;_skin&quot;:&quot;post&quot;,&quot;columns_tablet&quot;:&quot;2&quot;,&quot;columns_mobile&quot;:&quot;1&quot;,&quot;edit_handle_selector&quot;:&quot;[data-elementor-type=\\&quot;loop-item\\&quot;]&quot;,&quot;pagination_load_type&quot;:&quot;page_reload&quot;,&quot;row_gap&quot;:{&quot;unit&quot;:&quot;px&quot;,&quot;size&quot;:&quot;&quot;,&quot;sizes&quot;:[]},&quot;row_gap_tablet&quot;:{&quot;unit&quot;:&quot;px&quot;,&quot;size&quot;:&quot;&quot;,&quot;sizes&quot;:[]},&quot;row_gap_mobile&quot;:{&quot;unit&quot;:&quot;px&quot;,&quot;size&quot;:&quot;&quot;,&quot;sizes&quot;:[]},&quot;ekit_we_effect_on&quot;:&quot;none&quot;}\" data-widget_type=\"loop-grid.post\">\n\t\t\t\t<div class=\"elementor-widget-container\">\n\t\t\t\t\t\t\t<div class=\"elementor-loop-container elementor-grid\" role=\"list\">\n\t\t<style id=\"loop-21734\">.elementor-21734 .elementor-element.elementor-element-7227777{--display:flex;--min-height:100%;--flex-direction:column;--container-widget-width:100%;--container-widget-height:initial;--container-widget-flex-grow:0;--container-widget-align-self:initial;--flex-wrap-mobile:wrap;--gap:0px 0px;--row-gap:0px;--column-gap:0px;--overflow:hidden;--background-transition:0.3s;--border-radius:20px 20px 20px 20px;overflow:visible;}.elementor-21734 .elementor-element.elementor-element-7227777:not(.elementor-motion-effects-element-type-background), .elementor-21734 .elementor-element.elementor-element-7227777 > .elementor-motion-effects-container > .elementor-motion-effects-layer{background-color:var( --e-global-color-9deebc7 );}.elementor-21734 .elementor-element.elementor-element-7227777:hover{background-color:#D1D6E0;}.elementor-21734 .elementor-element.elementor-element-58c4ac1 img{width:100%;max-width:205%;border-radius:20px 20px 20px 20px;}.elementor-21734 .elementor-element.elementor-element-58c4ac1{width:var( --container-widget-width, 100% );max-width:100%;--container-widget-width:100%;--container-widget-flex-grow:0;}.elementor-21734 .elementor-element.elementor-element-6910de0{--display:flex;--min-height:100%;--flex-direction:column;--container-widget-width:calc( ( 1 - var( --container-widget-flex-grow ) ) * 100% );--container-widget-height:initial;--container-widget-flex-grow:0;--container-widget-align-self:initial;--flex-wrap-mobile:wrap;--justify-content:space-between;--align-items:flex-end;--gap:10px 10px;--row-gap:10px;--column-gap:10px;--margin-top:0%;--margin-bottom:0%;--margin-left:0%;--margin-right:0%;--padding-top:3%;--padding-bottom:0%;--padding-left:3%;--padding-right:3%;overflow:visible;}.elementor-21734 .elementor-element.elementor-element-46af339{--display:flex;--flex-direction:column;--container-widget-width:calc( ( 1 - var( --container-widget-flex-grow ) ) * 100% );--container-widget-height:initial;--container-widget-flex-grow:0;--container-widget-align-self:initial;--flex-wrap-mobile:wrap;--justify-content:center;--align-items:stretch;--gap:10px 10px;--row-gap:10px;--column-gap:10px;--margin-top:0%;--margin-bottom:0%;--margin-left:0%;--margin-right:0%;--padding-top:0%;--padding-bottom:0%;--padding-left:0%;--padding-right:0%;overflow:visible;}.elementor-21734 .elementor-element.elementor-element-28bd036 .elementor-heading-title{font-size:16px;font-weight:500;line-height:22px;color:var( --e-global-color-62cc75f );}.elementor-21734 .elementor-element.elementor-element-03c04f4{font-size:14px;line-height:18px;letter-spacing:0px;color:var( --e-global-color-secondary );}.elementor-21734 .elementor-element.elementor-element-03c04f4 p{margin-block-end:0px;}.elementor-21734 .elementor-element.elementor-element-6364c0c{--display:flex;--flex-direction:row;--container-widget-width:calc( ( 1 - var( --container-widget-flex-grow ) ) * 100% );--container-widget-height:100%;--container-widget-flex-grow:1;--container-widget-align-self:stretch;--flex-wrap-mobile:wrap;--justify-content:center;--align-items:center;--gap:10px 10px;--row-gap:10px;--column-gap:10px;--margin-top:0%;--margin-bottom:0%;--margin-left:0%;--margin-right:0%;--padding-top:0%;--padding-bottom:0%;--padding-left:0%;--padding-right:5%;overflow:visible;}.elementor-21734 .elementor-element.elementor-element-c403222{font-size:12px;color:var( --e-global-color-62cc75f );}.elementor-21734 .elementor-element.elementor-element-c403222 > .elementor-widget-container{margin:0px 0px 0px 0px;padding:0px 0px 0px 0px;}.elementor-21734 .elementor-element.elementor-element-92cc411 .elementor-icon-wrapper{text-align:center;}.elementor-21734 .elementor-element.elementor-element-92cc411.elementor-view-stacked .elementor-icon{background-color:var( --e-global-color-62cc75f );}.elementor-21734 .elementor-element.elementor-element-92cc411.elementor-view-framed .elementor-icon, .elementor-21734 .elementor-element.elementor-element-92cc411.elementor-view-default .elementor-icon{color:var( --e-global-color-62cc75f );border-color:var( --e-global-color-62cc75f );}.elementor-21734 .elementor-element.elementor-element-92cc411.elementor-view-framed .elementor-icon, .elementor-21734 .elementor-element.elementor-element-92cc411.elementor-view-default .elementor-icon svg{fill:var( --e-global-color-62cc75f );}.elementor-21734 .elementor-element.elementor-element-92cc411 .elementor-icon{font-size:20px;}.elementor-21734 .elementor-element.elementor-element-92cc411 .elementor-icon svg{height:20px;}\/* Start custom CSS for text-editor, class: .elementor-element-c403222 *\/.elementor-21734 .elementor-element.elementor-element-c403222 p{\n    margin: 0px!important;\n}\/* End custom CSS *\/\n\/* Start custom CSS for container, class: .elementor-element-6364c0c *\/.elementor-21734 .elementor-element.elementor-element-6364c0c{\n    width: fit-content;\n}\/* End custom CSS *\/\n\/* Start custom CSS for container, class: .elementor-element-6910de0 *\/.elementor-21734 .elementor-element.elementor-element-6910de0 .elementor-icon{\n    display: flex;\n}\n\n.elementor-21734 .elementor-element.elementor-element-6910de0{\n    color: black;\n    flex: 1;\n}\/* End custom CSS *\/\n\/* Start custom CSS for container, class: .elementor-element-7227777 *\/.elementor-21734 .elementor-element.elementor-element-7227777 .e-con-inner  {\n    width: 100%!important;\n}\/* End custom CSS *\/<\/style>\t\t<div data-elementor-type=\"loop-item\" data-elementor-id=\"21734\" class=\"elementor elementor-21734 e-loop-item e-loop-item-36702 post-36702 post type-post status-publish format-standard has-post-thumbnail hentry category-engagement-communautaire category-faq-mythes-sante category-sante-bien-etre tag-blues-post-vacances tag-epuisement-professionnel tag-rentree tag-retour-au-travail tag-sante-mentale-au-travail tag-sante-psychologique-au-travail tag-sommeil\" data-elementor-post-type=\"elementor_library\" data-custom-edit-handle=\"1\">\n\t\t\t<a class=\"elementor-element elementor-element-7227777 e-flex e-con-boxed e-con e-parent\" data-id=\"7227777\" data-element_type=\"container\" data-e-type=\"container\" data-settings=\"{&quot;background_background&quot;:&quot;classic&quot;,&quot;ekit_has_onepagescroll_dot&quot;:&quot;yes&quot;}\" href=\"https:\/\/cliniqueomicron.ca\/en\/blogue-retour-au-travail-apres-vacances-eviter-epuisement-quebec\/\">\n\t\t\t\t\t<div class=\"e-con-inner\">\n\t\t\t\t<div class=\"elementor-element elementor-element-58c4ac1 elementor-widget__width-initial elementor-widget elementor-widget-image\" data-id=\"58c4ac1\" data-element_type=\"widget\" data-e-type=\"widget\" data-settings=\"{&quot;ekit_we_effect_on&quot;:&quot;none&quot;}\" data-widget_type=\"image.default\">\n\t\t\t\t<div class=\"elementor-widget-container\">\n\t\t\t\t\t\t\t\t\t\t\t\t\t\t\t<img fetchpriority=\"high\" decoding=\"async\" width=\"1024\" height=\"576\" src=\"https:\/\/cliniqueomicron.ca\/wp-content\/uploads\/2026\/07\/Copie-de-Copie-de-Copie-de-Copie-de-Copie-de-Copie-de-Copie-de-Copie-de-Copie-de-Copie-de-Copie-de-Red-and-Black-Minimalist-Motivational-Quote-Facebook-Post-Banniere-de-blogue-1024x576.webp\" class=\"attachment-large size-large wp-image-36909\" alt=\"\" srcset=\"https:\/\/cliniqueomicron.ca\/wp-content\/uploads\/2026\/07\/Copie-de-Copie-de-Copie-de-Copie-de-Copie-de-Copie-de-Copie-de-Copie-de-Copie-de-Copie-de-Copie-de-Red-and-Black-Minimalist-Motivational-Quote-Facebook-Post-Banniere-de-blogue-1024x576.webp 1024w, https:\/\/cliniqueomicron.ca\/wp-content\/uploads\/2026\/07\/Copie-de-Copie-de-Copie-de-Copie-de-Copie-de-Copie-de-Copie-de-Copie-de-Copie-de-Copie-de-Copie-de-Red-and-Black-Minimalist-Motivational-Quote-Facebook-Post-Banniere-de-blogue-300x169.webp 300w, https:\/\/cliniqueomicron.ca\/wp-content\/uploads\/2026\/07\/Copie-de-Copie-de-Copie-de-Copie-de-Copie-de-Copie-de-Copie-de-Copie-de-Copie-de-Copie-de-Copie-de-Red-and-Black-Minimalist-Motivational-Quote-Facebook-Post-Banniere-de-blogue-768x432.webp 768w, https:\/\/cliniqueomicron.ca\/wp-content\/uploads\/2026\/07\/Copie-de-Copie-de-Copie-de-Copie-de-Copie-de-Copie-de-Copie-de-Copie-de-Copie-de-Copie-de-Copie-de-Red-and-Black-Minimalist-Motivational-Quote-Facebook-Post-Banniere-de-blogue-1536x864.webp 1536w, https:\/\/cliniqueomicron.ca\/wp-content\/uploads\/2026\/07\/Copie-de-Copie-de-Copie-de-Copie-de-Copie-de-Copie-de-Copie-de-Copie-de-Copie-de-Copie-de-Copie-de-Red-and-Black-Minimalist-Motivational-Quote-Facebook-Post-Banniere-de-blogue-scaled.webp 1920w, https:\/\/cliniqueomicron.ca\/wp-content\/uploads\/2026\/07\/Copie-de-Copie-de-Copie-de-Copie-de-Copie-de-Copie-de-Copie-de-Copie-de-Copie-de-Copie-de-Copie-de-Red-and-Black-Minimalist-Motivational-Quote-Facebook-Post-Banniere-de-blogue-18x10.webp 18w\" sizes=\"(max-width: 1024px) 100vw, 1024px\" \/>\t\t\t\t\t\t\t\t\t\t\t\t\t\t\t<\/div>\n\t\t\t\t<\/div>\n\t\t<div class=\"elementor-element elementor-element-6910de0 e-con-full e-flex e-con e-child\" data-id=\"6910de0\" data-element_type=\"container\" data-e-type=\"container\" data-settings=\"{&quot;ekit_has_onepagescroll_dot&quot;:&quot;yes&quot;}\">\n\t\t<div class=\"elementor-element elementor-element-46af339 e-con-full e-flex e-con e-child\" data-id=\"46af339\" data-element_type=\"container\" data-e-type=\"container\" data-settings=\"{&quot;ekit_has_onepagescroll_dot&quot;:&quot;yes&quot;}\">\n\t\t\t\t<div class=\"elementor-element elementor-element-28bd036 elementor-widget elementor-widget-heading\" data-id=\"28bd036\" data-element_type=\"widget\" data-e-type=\"widget\" data-settings=\"{&quot;ekit_we_effect_on&quot;:&quot;none&quot;}\" data-widget_type=\"heading.default\">\n\t\t\t\t<div class=\"elementor-widget-container\">\n\t\t\t\t\t<h4 class=\"elementor-heading-title elementor-size-default\">Retour au travail apr\u00e8s les vacances : \u00e9viter l&#8217;\u00e9puisement<\/h4>\t\t\t\t<\/div>\n\t\t\t\t<\/div>\n\t\t\t\t<div class=\"elementor-element elementor-element-03c04f4 elementor-widget elementor-widget-text-editor\" data-id=\"03c04f4\" data-element_type=\"widget\" data-e-type=\"widget\" data-settings=\"{&quot;ekit_we_effect_on&quot;:&quot;none&quot;}\" data-widget_type=\"text-editor.default\">\n\t\t\t\t<div class=\"elementor-widget-container\">\n\t\t\t\t\t\t\t\t\t<p>Apr\u00e8s quelques semaines de cong\u00e9 estival, reprendre le collier peut se r\u00e9v\u00e9ler plus difficile qu&#8217;on ne l&#8217;imagine. Le retour au travail apr\u00e8s les vacances s&#8217;accompagne souvent d&#8217;une baisse\t\t\t\t\t\t\t\t<\/div>\n\t\t\t\t<\/div>\n\t\t\t\t<\/div>\n\t\t<div class=\"elementor-element elementor-element-6364c0c e-con-full e-flex e-con e-child\" data-id=\"6364c0c\" data-element_type=\"container\" data-e-type=\"container\" data-settings=\"{&quot;ekit_has_onepagescroll_dot&quot;:&quot;yes&quot;}\">\n\t\t\t\t<div class=\"elementor-element elementor-element-c403222 elementor-widget elementor-widget-text-editor\" data-id=\"c403222\" data-element_type=\"widget\" data-e-type=\"widget\" data-settings=\"{&quot;ekit_we_effect_on&quot;:&quot;none&quot;}\" data-widget_type=\"text-editor.default\">\n\t\t\t\t<div class=\"elementor-widget-container\">\n\t\t\t\t\t\t\t\t\t<p>Lire la suite<\/p>\t\t\t\t\t\t\t\t<\/div>\n\t\t\t\t<\/div>\n\t\t\t\t<div class=\"elementor-element elementor-element-92cc411 elementor-view-default elementor-widget elementor-widget-icon\" data-id=\"92cc411\" data-element_type=\"widget\" data-e-type=\"widget\" data-settings=\"{&quot;ekit_we_effect_on&quot;:&quot;none&quot;}\" data-widget_type=\"icon.default\">\n\t\t\t\t<div class=\"elementor-widget-container\">\n\t\t\t\t\t\t\t<div class=\"elementor-icon-wrapper\">\n\t\t\t<div class=\"elementor-icon\">\n\t\t\t<i aria-hidden=\"true\" class=\"icon icon-right-arrow\"><\/i>\t\t\t<\/div>\n\t\t<\/div>\n\t\t\t\t\t\t<\/div>\n\t\t\t\t<\/div>\n\t\t\t\t<\/div>\n\t\t\t\t<\/div>\n\t\t\t\t\t<\/div>\n\t\t\t\t<\/a>\n\t\t\t\t<\/div>\n\t\t\t\t<div data-elementor-type=\"loop-item\" data-elementor-id=\"21734\" class=\"elementor elementor-21734 e-loop-item e-loop-item-36703 post-36703 post type-post status-publish format-standard has-post-thumbnail hentry category-communaute-clinique-omicron category-engagement-communautaire category-faq-mythes-sante category-soins-generaux-prevention tag-conjonctivite tag-contagion tag-contagion-garderie tag-garderie tag-hygiene-des-yeux tag-oeil-rouge tag-sante-oculaire tag-teleconsultation\" data-elementor-post-type=\"elementor_library\" data-custom-edit-handle=\"1\">\n\t\t\t<a class=\"elementor-element elementor-element-7227777 e-flex e-con-boxed e-con e-parent\" data-id=\"7227777\" data-element_type=\"container\" data-e-type=\"container\" data-settings=\"{&quot;background_background&quot;:&quot;classic&quot;,&quot;ekit_has_onepagescroll_dot&quot;:&quot;yes&quot;}\" href=\"https:\/\/cliniqueomicron.ca\/en\/blogue-conjonctivite-causes-contagion-quebec\/\">\n\t\t\t\t\t<div class=\"e-con-inner\">\n\t\t\t\t<div class=\"elementor-element elementor-element-58c4ac1 elementor-widget__width-initial elementor-widget elementor-widget-image\" data-id=\"58c4ac1\" data-element_type=\"widget\" data-e-type=\"widget\" data-settings=\"{&quot;ekit_we_effect_on&quot;:&quot;none&quot;}\" data-widget_type=\"image.default\">\n\t\t\t\t<div class=\"elementor-widget-container\">\n\t\t\t\t\t\t\t\t\t\t\t\t\t\t\t<img decoding=\"async\" width=\"1024\" height=\"576\" src=\"https:\/\/cliniqueomicron.ca\/wp-content\/uploads\/2026\/07\/79-1024x576.webp\" class=\"attachment-large size-large wp-image-36866\" alt=\"\" srcset=\"https:\/\/cliniqueomicron.ca\/wp-content\/uploads\/2026\/07\/79-1024x576.webp 1024w, https:\/\/cliniqueomicron.ca\/wp-content\/uploads\/2026\/07\/79-300x169.webp 300w, https:\/\/cliniqueomicron.ca\/wp-content\/uploads\/2026\/07\/79-768x432.webp 768w, https:\/\/cliniqueomicron.ca\/wp-content\/uploads\/2026\/07\/79-1536x864.webp 1536w, https:\/\/cliniqueomicron.ca\/wp-content\/uploads\/2026\/07\/79-2048x1152.jpg 2048w, https:\/\/cliniqueomicron.ca\/wp-content\/uploads\/2026\/07\/79-18x10.jpg 18w, https:\/\/cliniqueomicron.ca\/wp-content\/uploads\/2026\/07\/79-scaled.webp 1920w\" sizes=\"(max-width: 1024px) 100vw, 1024px\" \/>\t\t\t\t\t\t\t\t\t\t\t\t\t\t\t<\/div>\n\t\t\t\t<\/div>\n\t\t<div class=\"elementor-element elementor-element-6910de0 e-con-full e-flex e-con e-child\" data-id=\"6910de0\" data-element_type=\"container\" data-e-type=\"container\" data-settings=\"{&quot;ekit_has_onepagescroll_dot&quot;:&quot;yes&quot;}\">\n\t\t<div class=\"elementor-element elementor-element-46af339 e-con-full e-flex e-con e-child\" data-id=\"46af339\" data-element_type=\"container\" data-e-type=\"container\" data-settings=\"{&quot;ekit_has_onepagescroll_dot&quot;:&quot;yes&quot;}\">\n\t\t\t\t<div class=\"elementor-element elementor-element-28bd036 elementor-widget elementor-widget-heading\" data-id=\"28bd036\" data-element_type=\"widget\" data-e-type=\"widget\" data-settings=\"{&quot;ekit_we_effect_on&quot;:&quot;none&quot;}\" data-widget_type=\"heading.default\">\n\t\t\t\t<div class=\"elementor-widget-container\">\n\t\t\t\t\t<h4 class=\"elementor-heading-title elementor-size-default\">Conjonctivite : causes, contagion et prise en charge<\/h4>\t\t\t\t<\/div>\n\t\t\t\t<\/div>\n\t\t\t\t<div class=\"elementor-element elementor-element-03c04f4 elementor-widget elementor-widget-text-editor\" data-id=\"03c04f4\" data-element_type=\"widget\" data-e-type=\"widget\" data-settings=\"{&quot;ekit_we_effect_on&quot;:&quot;none&quot;}\" data-widget_type=\"text-editor.default\">\n\t\t\t\t<div class=\"elementor-widget-container\">\n\t\t\t\t\t\t\t\t\t<p>Un \u0153il rouge, larmoyant, coll\u00e9 au r\u00e9veil : la conjonctivite figure parmi les motifs de consultation les plus fr\u00e9quents, chez l&#8217;enfant comme chez l&#8217;adulte. Cette inflammation de la\t\t\t\t\t\t\t\t<\/div>\n\t\t\t\t<\/div>\n\t\t\t\t<\/div>\n\t\t<div class=\"elementor-element elementor-element-6364c0c e-con-full e-flex e-con e-child\" data-id=\"6364c0c\" data-element_type=\"container\" data-e-type=\"container\" data-settings=\"{&quot;ekit_has_onepagescroll_dot&quot;:&quot;yes&quot;}\">\n\t\t\t\t<div class=\"elementor-element elementor-element-c403222 elementor-widget elementor-widget-text-editor\" data-id=\"c403222\" data-element_type=\"widget\" data-e-type=\"widget\" data-settings=\"{&quot;ekit_we_effect_on&quot;:&quot;none&quot;}\" data-widget_type=\"text-editor.default\">\n\t\t\t\t<div class=\"elementor-widget-container\">\n\t\t\t\t\t\t\t\t\t<p>Lire la suite<\/p>\t\t\t\t\t\t\t\t<\/div>\n\t\t\t\t<\/div>\n\t\t\t\t<div class=\"elementor-element elementor-element-92cc411 elementor-view-default elementor-widget elementor-widget-icon\" data-id=\"92cc411\" data-element_type=\"widget\" data-e-type=\"widget\" data-settings=\"{&quot;ekit_we_effect_on&quot;:&quot;none&quot;}\" data-widget_type=\"icon.default\">\n\t\t\t\t<div class=\"elementor-widget-container\">\n\t\t\t\t\t\t\t<div class=\"elementor-icon-wrapper\">\n\t\t\t<div class=\"elementor-icon\">\n\t\t\t<i aria-hidden=\"true\" class=\"icon icon-right-arrow\"><\/i>\t\t\t<\/div>\n\t\t<\/div>\n\t\t\t\t\t\t<\/div>\n\t\t\t\t<\/div>\n\t\t\t\t<\/div>\n\t\t\t\t<\/div>\n\t\t\t\t\t<\/div>\n\t\t\t\t<\/a>\n\t\t\t\t<\/div>\n\t\t\t\t<div data-elementor-type=\"loop-item\" data-elementor-id=\"21734\" class=\"elementor elementor-21734 e-loop-item e-loop-item-36699 post-36699 post type-post status-publish format-standard has-post-thumbnail hentry category-engagement-communautaire category-faq-mythes-sante category-information-education-sante category-soins-generaux-prevention tag-mal-de-dos tag-posture tag-rentree-scolaire tag-sac-a-dos-mal-de-dos tag-sante-des-enfants\" data-elementor-post-type=\"elementor_library\" data-custom-edit-handle=\"1\">\n\t\t\t<a class=\"elementor-element elementor-element-7227777 e-flex e-con-boxed e-con e-parent\" data-id=\"7227777\" data-element_type=\"container\" data-e-type=\"container\" data-settings=\"{&quot;background_background&quot;:&quot;classic&quot;,&quot;ekit_has_onepagescroll_dot&quot;:&quot;yes&quot;}\" href=\"https:\/\/cliniqueomicron.ca\/en\/blogue-sac-a-dos-mal-de-dos-enfant-quebec\/\">\n\t\t\t\t\t<div class=\"e-con-inner\">\n\t\t\t\t<div class=\"elementor-element elementor-element-58c4ac1 elementor-widget__width-initial elementor-widget elementor-widget-image\" data-id=\"58c4ac1\" data-element_type=\"widget\" data-e-type=\"widget\" data-settings=\"{&quot;ekit_we_effect_on&quot;:&quot;none&quot;}\" data-widget_type=\"image.default\">\n\t\t\t\t<div class=\"elementor-widget-container\">\n\t\t\t\t\t\t\t\t\t\t\t\t\t\t\t<img decoding=\"async\" width=\"1024\" height=\"576\" src=\"https:\/\/cliniqueomicron.ca\/wp-content\/uploads\/2026\/07\/75-1024x576.webp\" class=\"attachment-large size-large wp-image-36862\" alt=\"\" srcset=\"https:\/\/cliniqueomicron.ca\/wp-content\/uploads\/2026\/07\/75-1024x576.webp 1024w, https:\/\/cliniqueomicron.ca\/wp-content\/uploads\/2026\/07\/75-300x169.webp 300w, https:\/\/cliniqueomicron.ca\/wp-content\/uploads\/2026\/07\/75-768x432.webp 768w, https:\/\/cliniqueomicron.ca\/wp-content\/uploads\/2026\/07\/75-1536x864.webp 1536w, https:\/\/cliniqueomicron.ca\/wp-content\/uploads\/2026\/07\/75-scaled.webp 1920w, https:\/\/cliniqueomicron.ca\/wp-content\/uploads\/2026\/07\/75-18x10.webp 18w\" sizes=\"(max-width: 1024px) 100vw, 1024px\" \/>\t\t\t\t\t\t\t\t\t\t\t\t\t\t\t<\/div>\n\t\t\t\t<\/div>\n\t\t<div class=\"elementor-element elementor-element-6910de0 e-con-full e-flex e-con e-child\" data-id=\"6910de0\" data-element_type=\"container\" data-e-type=\"container\" data-settings=\"{&quot;ekit_has_onepagescroll_dot&quot;:&quot;yes&quot;}\">\n\t\t<div class=\"elementor-element elementor-element-46af339 e-con-full e-flex e-con e-child\" data-id=\"46af339\" data-element_type=\"container\" data-e-type=\"container\" data-settings=\"{&quot;ekit_has_onepagescroll_dot&quot;:&quot;yes&quot;}\">\n\t\t\t\t<div class=\"elementor-element elementor-element-28bd036 elementor-widget elementor-widget-heading\" data-id=\"28bd036\" data-element_type=\"widget\" data-e-type=\"widget\" data-settings=\"{&quot;ekit_we_effect_on&quot;:&quot;none&quot;}\" data-widget_type=\"heading.default\">\n\t\t\t\t<div class=\"elementor-widget-container\">\n\t\t\t\t\t<h4 class=\"elementor-heading-title elementor-size-default\">Sac \u00e0 dos scolaire et mal de dos : bien choisir et bien porter<\/h4>\t\t\t\t<\/div>\n\t\t\t\t<\/div>\n\t\t\t\t<div class=\"elementor-element elementor-element-03c04f4 elementor-widget elementor-widget-text-editor\" data-id=\"03c04f4\" data-element_type=\"widget\" data-e-type=\"widget\" data-settings=\"{&quot;ekit_we_effect_on&quot;:&quot;none&quot;}\" data-widget_type=\"text-editor.default\">\n\t\t\t\t<div class=\"elementor-widget-container\">\n\t\t\t\t\t\t\t\t\t<p>La rentr\u00e9e scolaire ram\u00e8ne chaque ann\u00e9e la m\u00eame sc\u00e8ne : un enfant qui part \u00e0 l&#8217;\u00e9cole courb\u00e9 sous un sac visiblement trop lourd. Le lien entre sac \u00e0\t\t\t\t\t\t\t\t<\/div>\n\t\t\t\t<\/div>\n\t\t\t\t<\/div>\n\t\t<div class=\"elementor-element elementor-element-6364c0c e-con-full e-flex e-con e-child\" data-id=\"6364c0c\" data-element_type=\"container\" data-e-type=\"container\" data-settings=\"{&quot;ekit_has_onepagescroll_dot&quot;:&quot;yes&quot;}\">\n\t\t\t\t<div class=\"elementor-element elementor-element-c403222 elementor-widget elementor-widget-text-editor\" data-id=\"c403222\" data-element_type=\"widget\" data-e-type=\"widget\" data-settings=\"{&quot;ekit_we_effect_on&quot;:&quot;none&quot;}\" data-widget_type=\"text-editor.default\">\n\t\t\t\t<div class=\"elementor-widget-container\">\n\t\t\t\t\t\t\t\t\t<p>Lire la suite<\/p>\t\t\t\t\t\t\t\t<\/div>\n\t\t\t\t<\/div>\n\t\t\t\t<div class=\"elementor-element elementor-element-92cc411 elementor-view-default elementor-widget elementor-widget-icon\" data-id=\"92cc411\" data-element_type=\"widget\" data-e-type=\"widget\" data-settings=\"{&quot;ekit_we_effect_on&quot;:&quot;none&quot;}\" data-widget_type=\"icon.default\">\n\t\t\t\t<div class=\"elementor-widget-container\">\n\t\t\t\t\t\t\t<div class=\"elementor-icon-wrapper\">\n\t\t\t<div class=\"elementor-icon\">\n\t\t\t<i aria-hidden=\"true\" class=\"icon icon-right-arrow\"><\/i>\t\t\t<\/div>\n\t\t<\/div>\n\t\t\t\t\t\t<\/div>\n\t\t\t\t<\/div>\n\t\t\t\t<\/div>\n\t\t\t\t<\/div>\n\t\t\t\t\t<\/div>\n\t\t\t\t<\/a>\n\t\t\t\t<\/div>\n\t\t\t\t<div data-elementor-type=\"loop-item\" data-elementor-id=\"21734\" class=\"elementor elementor-21734 e-loop-item e-loop-item-36704 post-36704 post type-post status-publish format-standard has-post-thumbnail hentry category-engagement-communautaire category-faq-mythes-sante category-information-education-sante category-soins-generaux-prevention tag-hygiene-des-mains tag-infections-enfants tag-microbes-garderie tag-prevention tag-prevention-des-infections tag-rentree-scolaire tag-sante-des-enfants tag-sante-enfant tag-sante-quebec\" data-elementor-post-type=\"elementor_library\" data-custom-edit-handle=\"1\">\n\t\t\t<a class=\"elementor-element elementor-element-7227777 e-flex e-con-boxed e-con e-parent\" data-id=\"7227777\" data-element_type=\"container\" data-e-type=\"container\" data-settings=\"{&quot;background_background&quot;:&quot;classic&quot;,&quot;ekit_has_onepagescroll_dot&quot;:&quot;yes&quot;}\" href=\"https:\/\/cliniqueomicron.ca\/en\/blogue-microbes-garderie-ecole-prevenir-infections-quebec\/\">\n\t\t\t\t\t<div class=\"e-con-inner\">\n\t\t\t\t<div class=\"elementor-element elementor-element-58c4ac1 elementor-widget__width-initial elementor-widget elementor-widget-image\" data-id=\"58c4ac1\" data-element_type=\"widget\" data-e-type=\"widget\" data-settings=\"{&quot;ekit_we_effect_on&quot;:&quot;none&quot;}\" data-widget_type=\"image.default\">\n\t\t\t\t<div class=\"elementor-widget-container\">\n\t\t\t\t\t\t\t\t\t\t\t\t\t\t\t<img loading=\"lazy\" decoding=\"async\" width=\"1024\" height=\"576\" src=\"https:\/\/cliniqueomicron.ca\/wp-content\/uploads\/2026\/07\/74-1024x576.webp\" class=\"attachment-large size-large wp-image-36861\" alt=\"\" srcset=\"https:\/\/cliniqueomicron.ca\/wp-content\/uploads\/2026\/07\/74-1024x576.webp 1024w, https:\/\/cliniqueomicron.ca\/wp-content\/uploads\/2026\/07\/74-300x169.webp 300w, https:\/\/cliniqueomicron.ca\/wp-content\/uploads\/2026\/07\/74-768x432.webp 768w, https:\/\/cliniqueomicron.ca\/wp-content\/uploads\/2026\/07\/74-1536x864.webp 1536w, https:\/\/cliniqueomicron.ca\/wp-content\/uploads\/2026\/07\/74-scaled.webp 1920w, https:\/\/cliniqueomicron.ca\/wp-content\/uploads\/2026\/07\/74-18x10.webp 18w\" sizes=\"(max-width: 1024px) 100vw, 1024px\" \/>\t\t\t\t\t\t\t\t\t\t\t\t\t\t\t<\/div>\n\t\t\t\t<\/div>\n\t\t<div class=\"elementor-element elementor-element-6910de0 e-con-full e-flex e-con e-child\" data-id=\"6910de0\" data-element_type=\"container\" data-e-type=\"container\" data-settings=\"{&quot;ekit_has_onepagescroll_dot&quot;:&quot;yes&quot;}\">\n\t\t<div class=\"elementor-element elementor-element-46af339 e-con-full e-flex e-con e-child\" data-id=\"46af339\" data-element_type=\"container\" data-e-type=\"container\" data-settings=\"{&quot;ekit_has_onepagescroll_dot&quot;:&quot;yes&quot;}\">\n\t\t\t\t<div class=\"elementor-element elementor-element-28bd036 elementor-widget elementor-widget-heading\" data-id=\"28bd036\" data-element_type=\"widget\" data-e-type=\"widget\" data-settings=\"{&quot;ekit_we_effect_on&quot;:&quot;none&quot;}\" data-widget_type=\"heading.default\">\n\t\t\t\t<div class=\"elementor-widget-container\">\n\t\t\t\t\t<h4 class=\"elementor-heading-title elementor-size-default\">Microbes de la garderie et de l&#8217;\u00e9cole : pr\u00e9venir les infections<\/h4>\t\t\t\t<\/div>\n\t\t\t\t<\/div>\n\t\t\t\t<div class=\"elementor-element elementor-element-03c04f4 elementor-widget elementor-widget-text-editor\" data-id=\"03c04f4\" data-element_type=\"widget\" data-e-type=\"widget\" data-settings=\"{&quot;ekit_we_effect_on&quot;:&quot;none&quot;}\" data-widget_type=\"text-editor.default\">\n\t\t\t\t<div class=\"elementor-widget-container\">\n\t\t\t\t\t\t\t\t\t<p>Chaque rentr\u00e9e ram\u00e8ne la m\u00eame sc\u00e8ne : un enfant en pleine forme qui commence la garderie ou l&#8217;\u00e9cole, puis une succession de rhumes, de nez qui coulent et\t\t\t\t\t\t\t\t<\/div>\n\t\t\t\t<\/div>\n\t\t\t\t<\/div>\n\t\t<div class=\"elementor-element elementor-element-6364c0c e-con-full e-flex e-con e-child\" data-id=\"6364c0c\" data-element_type=\"container\" data-e-type=\"container\" data-settings=\"{&quot;ekit_has_onepagescroll_dot&quot;:&quot;yes&quot;}\">\n\t\t\t\t<div class=\"elementor-element elementor-element-c403222 elementor-widget elementor-widget-text-editor\" data-id=\"c403222\" data-element_type=\"widget\" data-e-type=\"widget\" data-settings=\"{&quot;ekit_we_effect_on&quot;:&quot;none&quot;}\" data-widget_type=\"text-editor.default\">\n\t\t\t\t<div class=\"elementor-widget-container\">\n\t\t\t\t\t\t\t\t\t<p>Lire la suite<\/p>\t\t\t\t\t\t\t\t<\/div>\n\t\t\t\t<\/div>\n\t\t\t\t<div class=\"elementor-element elementor-element-92cc411 elementor-view-default elementor-widget elementor-widget-icon\" data-id=\"92cc411\" data-element_type=\"widget\" data-e-type=\"widget\" data-settings=\"{&quot;ekit_we_effect_on&quot;:&quot;none&quot;}\" data-widget_type=\"icon.default\">\n\t\t\t\t<div class=\"elementor-widget-container\">\n\t\t\t\t\t\t\t<div class=\"elementor-icon-wrapper\">\n\t\t\t<div class=\"elementor-icon\">\n\t\t\t<i aria-hidden=\"true\" class=\"icon icon-right-arrow\"><\/i>\t\t\t<\/div>\n\t\t<\/div>\n\t\t\t\t\t\t<\/div>\n\t\t\t\t<\/div>\n\t\t\t\t<\/div>\n\t\t\t\t<\/div>\n\t\t\t\t\t<\/div>\n\t\t\t\t<\/a>\n\t\t\t\t<\/div>\n\t\t\t\t<div data-elementor-type=\"loop-item\" data-elementor-id=\"21734\" class=\"elementor elementor-21734 e-loop-item e-loop-item-36696 post-36696 post type-post status-publish format-standard has-post-thumbnail hentry category-communaute-clinique-omicron category-engagement-communautaire category-faq-mythes-sante category-soins-generaux-prevention tag-allergie-herbe-a-poux tag-allergie-saisonniere tag-antihistaminiques tag-desensibilisation tag-herbe-a-poux tag-pollen tag-rhinite-allergique\" data-elementor-post-type=\"elementor_library\" data-custom-edit-handle=\"1\">\n\t\t\t<a class=\"elementor-element elementor-element-7227777 e-flex e-con-boxed e-con e-parent\" data-id=\"7227777\" data-element_type=\"container\" data-e-type=\"container\" data-settings=\"{&quot;background_background&quot;:&quot;classic&quot;,&quot;ekit_has_onepagescroll_dot&quot;:&quot;yes&quot;}\" href=\"https:\/\/cliniqueomicron.ca\/en\/blogue-allergie-herbe-a-poux-quebec\/\">\n\t\t\t\t\t<div class=\"e-con-inner\">\n\t\t\t\t<div class=\"elementor-element elementor-element-58c4ac1 elementor-widget__width-initial elementor-widget elementor-widget-image\" data-id=\"58c4ac1\" data-element_type=\"widget\" data-e-type=\"widget\" data-settings=\"{&quot;ekit_we_effect_on&quot;:&quot;none&quot;}\" data-widget_type=\"image.default\">\n\t\t\t\t<div class=\"elementor-widget-container\">\n\t\t\t\t\t\t\t\t\t\t\t\t\t\t\t<img loading=\"lazy\" decoding=\"async\" width=\"1024\" height=\"576\" src=\"https:\/\/cliniqueomicron.ca\/wp-content\/uploads\/2026\/07\/69-1024x576.webp\" class=\"attachment-large size-large wp-image-36856\" alt=\"\" srcset=\"https:\/\/cliniqueomicron.ca\/wp-content\/uploads\/2026\/07\/69-1024x576.webp 1024w, https:\/\/cliniqueomicron.ca\/wp-content\/uploads\/2026\/07\/69-300x169.webp 300w, https:\/\/cliniqueomicron.ca\/wp-content\/uploads\/2026\/07\/69-768x432.webp 768w, https:\/\/cliniqueomicron.ca\/wp-content\/uploads\/2026\/07\/69-1536x864.webp 1536w, https:\/\/cliniqueomicron.ca\/wp-content\/uploads\/2026\/07\/69-scaled.webp 1920w, https:\/\/cliniqueomicron.ca\/wp-content\/uploads\/2026\/07\/69-18x10.webp 18w\" sizes=\"(max-width: 1024px) 100vw, 1024px\" \/>\t\t\t\t\t\t\t\t\t\t\t\t\t\t\t<\/div>\n\t\t\t\t<\/div>\n\t\t<div class=\"elementor-element elementor-element-6910de0 e-con-full e-flex e-con e-child\" data-id=\"6910de0\" data-element_type=\"container\" data-e-type=\"container\" data-settings=\"{&quot;ekit_has_onepagescroll_dot&quot;:&quot;yes&quot;}\">\n\t\t<div class=\"elementor-element elementor-element-46af339 e-con-full e-flex e-con e-child\" data-id=\"46af339\" data-element_type=\"container\" data-e-type=\"container\" data-settings=\"{&quot;ekit_has_onepagescroll_dot&quot;:&quot;yes&quot;}\">\n\t\t\t\t<div class=\"elementor-element elementor-element-28bd036 elementor-widget elementor-widget-heading\" data-id=\"28bd036\" data-element_type=\"widget\" data-e-type=\"widget\" data-settings=\"{&quot;ekit_we_effect_on&quot;:&quot;none&quot;}\" data-widget_type=\"heading.default\">\n\t\t\t\t<div class=\"elementor-widget-container\">\n\t\t\t\t\t<h4 class=\"elementor-heading-title elementor-size-default\">Allergie \u00e0 l&#8217;herbe \u00e0 poux : survivre \u00e0 la saison au Qu\u00e9bec<\/h4>\t\t\t\t<\/div>\n\t\t\t\t<\/div>\n\t\t\t\t<div class=\"elementor-element elementor-element-03c04f4 elementor-widget elementor-widget-text-editor\" data-id=\"03c04f4\" data-element_type=\"widget\" data-e-type=\"widget\" data-settings=\"{&quot;ekit_we_effect_on&quot;:&quot;none&quot;}\" data-widget_type=\"text-editor.default\">\n\t\t\t\t<div class=\"elementor-widget-container\">\n\t\t\t\t\t\t\t\t\t<p>Chaque fin d&#8217;\u00e9t\u00e9, une partie de la population voit revenir les m\u00eames \u00e9ternuements en rafale, les yeux qui piquent et le nez qui coule. En cause : l&#8217;allergie\t\t\t\t\t\t\t\t<\/div>\n\t\t\t\t<\/div>\n\t\t\t\t<\/div>\n\t\t<div class=\"elementor-element elementor-element-6364c0c e-con-full e-flex e-con e-child\" data-id=\"6364c0c\" data-element_type=\"container\" data-e-type=\"container\" data-settings=\"{&quot;ekit_has_onepagescroll_dot&quot;:&quot;yes&quot;}\">\n\t\t\t\t<div class=\"elementor-element elementor-element-c403222 elementor-widget elementor-widget-text-editor\" data-id=\"c403222\" data-element_type=\"widget\" data-e-type=\"widget\" data-settings=\"{&quot;ekit_we_effect_on&quot;:&quot;none&quot;}\" data-widget_type=\"text-editor.default\">\n\t\t\t\t<div class=\"elementor-widget-container\">\n\t\t\t\t\t\t\t\t\t<p>Lire la suite<\/p>\t\t\t\t\t\t\t\t<\/div>\n\t\t\t\t<\/div>\n\t\t\t\t<div class=\"elementor-element elementor-element-92cc411 elementor-view-default elementor-widget elementor-widget-icon\" data-id=\"92cc411\" data-element_type=\"widget\" data-e-type=\"widget\" data-settings=\"{&quot;ekit_we_effect_on&quot;:&quot;none&quot;}\" data-widget_type=\"icon.default\">\n\t\t\t\t<div class=\"elementor-widget-container\">\n\t\t\t\t\t\t\t<div class=\"elementor-icon-wrapper\">\n\t\t\t<div class=\"elementor-icon\">\n\t\t\t<i aria-hidden=\"true\" class=\"icon icon-right-arrow\"><\/i>\t\t\t<\/div>\n\t\t<\/div>\n\t\t\t\t\t\t<\/div>\n\t\t\t\t<\/div>\n\t\t\t\t<\/div>\n\t\t\t\t<\/div>\n\t\t\t\t\t<\/div>\n\t\t\t\t<\/a>\n\t\t\t\t<\/div>\n\t\t\t\t<div data-elementor-type=\"loop-item\" data-elementor-id=\"21734\" class=\"elementor elementor-21734 e-loop-item e-loop-item-36706 post-36706 post type-post status-publish format-standard has-post-thumbnail hentry category-actualites-medicales category-engagement-communautaire category-faq-mythes-sante category-soins-generaux-prevention tag-calendrier-vaccinal tag-carnet-de-vaccination tag-prevention-quebec tag-rentree-scolaire tag-sante-des-enfants tag-vaccination tag-vaccination-rentree-scolaire tag-vaccination-scolaire\" data-elementor-post-type=\"elementor_library\" data-custom-edit-handle=\"1\">\n\t\t\t<a class=\"elementor-element elementor-element-7227777 e-flex e-con-boxed e-con e-parent\" data-id=\"7227777\" data-element_type=\"container\" data-e-type=\"container\" data-settings=\"{&quot;background_background&quot;:&quot;classic&quot;,&quot;ekit_has_onepagescroll_dot&quot;:&quot;yes&quot;}\" href=\"https:\/\/cliniqueomicron.ca\/en\/blogue-vaccination-rentree-scolaire-quebec\/\">\n\t\t\t\t\t<div class=\"e-con-inner\">\n\t\t\t\t<div class=\"elementor-element elementor-element-58c4ac1 elementor-widget__width-initial elementor-widget elementor-widget-image\" data-id=\"58c4ac1\" data-element_type=\"widget\" data-e-type=\"widget\" data-settings=\"{&quot;ekit_we_effect_on&quot;:&quot;none&quot;}\" data-widget_type=\"image.default\">\n\t\t\t\t<div class=\"elementor-widget-container\">\n\t\t\t\t\t\t\t\t\t\t\t\t\t\t\t<img loading=\"lazy\" decoding=\"async\" width=\"1024\" height=\"576\" src=\"https:\/\/cliniqueomicron.ca\/wp-content\/uploads\/2026\/07\/72-1024x576.webp\" class=\"attachment-large size-large wp-image-36859\" alt=\"\" srcset=\"https:\/\/cliniqueomicron.ca\/wp-content\/uploads\/2026\/07\/72-1024x576.webp 1024w, https:\/\/cliniqueomicron.ca\/wp-content\/uploads\/2026\/07\/72-300x169.webp 300w, https:\/\/cliniqueomicron.ca\/wp-content\/uploads\/2026\/07\/72-768x432.webp 768w, https:\/\/cliniqueomicron.ca\/wp-content\/uploads\/2026\/07\/72-1536x864.webp 1536w, https:\/\/cliniqueomicron.ca\/wp-content\/uploads\/2026\/07\/72-scaled.webp 1920w, https:\/\/cliniqueomicron.ca\/wp-content\/uploads\/2026\/07\/72-18x10.webp 18w\" sizes=\"(max-width: 1024px) 100vw, 1024px\" \/>\t\t\t\t\t\t\t\t\t\t\t\t\t\t\t<\/div>\n\t\t\t\t<\/div>\n\t\t<div class=\"elementor-element elementor-element-6910de0 e-con-full e-flex e-con e-child\" data-id=\"6910de0\" data-element_type=\"container\" data-e-type=\"container\" data-settings=\"{&quot;ekit_has_onepagescroll_dot&quot;:&quot;yes&quot;}\">\n\t\t<div class=\"elementor-element elementor-element-46af339 e-con-full e-flex e-con e-child\" data-id=\"46af339\" data-element_type=\"container\" data-e-type=\"container\" data-settings=\"{&quot;ekit_has_onepagescroll_dot&quot;:&quot;yes&quot;}\">\n\t\t\t\t<div class=\"elementor-element elementor-element-28bd036 elementor-widget elementor-widget-heading\" data-id=\"28bd036\" data-element_type=\"widget\" data-e-type=\"widget\" data-settings=\"{&quot;ekit_we_effect_on&quot;:&quot;none&quot;}\" data-widget_type=\"heading.default\">\n\t\t\t\t<div class=\"elementor-widget-container\">\n\t\t\t\t\t<h4 class=\"elementor-heading-title elementor-size-default\">Vaccination : faire le point avant la rentr\u00e9e scolaire<\/h4>\t\t\t\t<\/div>\n\t\t\t\t<\/div>\n\t\t\t\t<div class=\"elementor-element elementor-element-03c04f4 elementor-widget elementor-widget-text-editor\" data-id=\"03c04f4\" data-element_type=\"widget\" data-e-type=\"widget\" data-settings=\"{&quot;ekit_we_effect_on&quot;:&quot;none&quot;}\" data-widget_type=\"text-editor.default\">\n\t\t\t\t<div class=\"elementor-widget-container\">\n\t\t\t\t\t\t\t\t\t<p>La rentr\u00e9e est un bon moment pour faire le point sur la vaccination rentr\u00e9e scolaire des enfants et des adolescents. Entre le carnet de vaccination \u00e0 retrouver, le\t\t\t\t\t\t\t\t<\/div>\n\t\t\t\t<\/div>\n\t\t\t\t<\/div>\n\t\t<div class=\"elementor-element elementor-element-6364c0c e-con-full e-flex e-con e-child\" data-id=\"6364c0c\" data-element_type=\"container\" data-e-type=\"container\" data-settings=\"{&quot;ekit_has_onepagescroll_dot&quot;:&quot;yes&quot;}\">\n\t\t\t\t<div class=\"elementor-element elementor-element-c403222 elementor-widget elementor-widget-text-editor\" data-id=\"c403222\" data-element_type=\"widget\" data-e-type=\"widget\" data-settings=\"{&quot;ekit_we_effect_on&quot;:&quot;none&quot;}\" data-widget_type=\"text-editor.default\">\n\t\t\t\t<div class=\"elementor-widget-container\">\n\t\t\t\t\t\t\t\t\t<p>Lire la suite<\/p>\t\t\t\t\t\t\t\t<\/div>\n\t\t\t\t<\/div>\n\t\t\t\t<div class=\"elementor-element elementor-element-92cc411 elementor-view-default elementor-widget elementor-widget-icon\" data-id=\"92cc411\" data-element_type=\"widget\" data-e-type=\"widget\" data-settings=\"{&quot;ekit_we_effect_on&quot;:&quot;none&quot;}\" data-widget_type=\"icon.default\">\n\t\t\t\t<div class=\"elementor-widget-container\">\n\t\t\t\t\t\t\t<div class=\"elementor-icon-wrapper\">\n\t\t\t<div class=\"elementor-icon\">\n\t\t\t<i aria-hidden=\"true\" class=\"icon icon-right-arrow\"><\/i>\t\t\t<\/div>\n\t\t<\/div>\n\t\t\t\t\t\t<\/div>\n\t\t\t\t<\/div>\n\t\t\t\t<\/div>\n\t\t\t\t<\/div>\n\t\t\t\t\t<\/div>\n\t\t\t\t<\/a>\n\t\t\t\t<\/div>\n\t\t\t\t<div data-elementor-type=\"loop-item\" data-elementor-id=\"21734\" class=\"elementor elementor-21734 e-loop-item e-loop-item-36695 post-36695 post type-post status-publish format-standard has-post-thumbnail hentry category-communaute-clinique-omicron category-engagement-communautaire category-faq-mythes-sante category-information-education-sante category-soins-medicaux tag-analyses-sanguines tag-convalescence-a-domicile tag-crp tag-inflammation tag-post-operatoire tag-proches-aidants tag-proteine-c-reactive tag-retablissement tag-soins-infirmiers-a-domicile tag-vitesse-de-sedimentation\" data-elementor-post-type=\"elementor_library\" data-custom-edit-handle=\"1\">\n\t\t\t<a class=\"elementor-element elementor-element-7227777 e-flex e-con-boxed e-con e-parent\" data-id=\"7227777\" data-element_type=\"container\" data-e-type=\"container\" data-settings=\"{&quot;background_background&quot;:&quot;classic&quot;,&quot;ekit_has_onepagescroll_dot&quot;:&quot;yes&quot;}\" href=\"https:\/\/cliniqueomicron.ca\/en\/blogue-convalescence-a-domicile-apres-intervention-quebec\/\">\n\t\t\t\t\t<div class=\"e-con-inner\">\n\t\t\t\t<div class=\"elementor-element elementor-element-58c4ac1 elementor-widget__width-initial elementor-widget elementor-widget-image\" data-id=\"58c4ac1\" data-element_type=\"widget\" data-e-type=\"widget\" data-settings=\"{&quot;ekit_we_effect_on&quot;:&quot;none&quot;}\" data-widget_type=\"image.default\">\n\t\t\t\t<div class=\"elementor-widget-container\">\n\t\t\t\t\t\t\t\t\t\t\t\t\t\t\t<img loading=\"lazy\" decoding=\"async\" width=\"1024\" height=\"576\" src=\"https:\/\/cliniqueomicron.ca\/wp-content\/uploads\/2026\/07\/65-1024x576.webp\" class=\"attachment-large size-large wp-image-36852\" alt=\"\" srcset=\"https:\/\/cliniqueomicron.ca\/wp-content\/uploads\/2026\/07\/65-1024x576.webp 1024w, https:\/\/cliniqueomicron.ca\/wp-content\/uploads\/2026\/07\/65-300x169.webp 300w, https:\/\/cliniqueomicron.ca\/wp-content\/uploads\/2026\/07\/65-768x432.webp 768w, https:\/\/cliniqueomicron.ca\/wp-content\/uploads\/2026\/07\/65-1536x864.webp 1536w, https:\/\/cliniqueomicron.ca\/wp-content\/uploads\/2026\/07\/65-scaled.webp 1920w, https:\/\/cliniqueomicron.ca\/wp-content\/uploads\/2026\/07\/65-18x10.webp 18w\" sizes=\"(max-width: 1024px) 100vw, 1024px\" \/>\t\t\t\t\t\t\t\t\t\t\t\t\t\t\t<\/div>\n\t\t\t\t<\/div>\n\t\t<div class=\"elementor-element elementor-element-6910de0 e-con-full e-flex e-con e-child\" data-id=\"6910de0\" data-element_type=\"container\" data-e-type=\"container\" data-settings=\"{&quot;ekit_has_onepagescroll_dot&quot;:&quot;yes&quot;}\">\n\t\t<div class=\"elementor-element elementor-element-46af339 e-con-full e-flex e-con e-child\" data-id=\"46af339\" data-element_type=\"container\" data-e-type=\"container\" data-settings=\"{&quot;ekit_has_onepagescroll_dot&quot;:&quot;yes&quot;}\">\n\t\t\t\t<div class=\"elementor-element elementor-element-28bd036 elementor-widget elementor-widget-heading\" data-id=\"28bd036\" data-element_type=\"widget\" data-e-type=\"widget\" data-settings=\"{&quot;ekit_we_effect_on&quot;:&quot;none&quot;}\" data-widget_type=\"heading.default\">\n\t\t\t\t<div class=\"elementor-widget-container\">\n\t\t\t\t\t<h4 class=\"elementor-heading-title elementor-size-default\">Convalescence \u00e0 domicile apr\u00e8s une intervention : bien s&#8217;organiser<\/h4>\t\t\t\t<\/div>\n\t\t\t\t<\/div>\n\t\t\t\t<div class=\"elementor-element elementor-element-03c04f4 elementor-widget elementor-widget-text-editor\" data-id=\"03c04f4\" data-element_type=\"widget\" data-e-type=\"widget\" data-settings=\"{&quot;ekit_we_effect_on&quot;:&quot;none&quot;}\" data-widget_type=\"text-editor.default\">\n\t\t\t\t<div class=\"elementor-widget-container\">\n\t\t\t\t\t\t\t\t\t<p>Sur votre bilan sanguin, deux marqueurs reviennent souvent quand un m\u00e9decin cherche \u00e0 savoir si une inflammation est pr\u00e9sente : la CRP (prot\u00e9ine C-r\u00e9active) et la vitesse de\t\t\t\t\t\t\t\t<\/div>\n\t\t\t\t<\/div>\n\t\t\t\t<\/div>\n\t\t<div class=\"elementor-element elementor-element-6364c0c e-con-full e-flex e-con e-child\" data-id=\"6364c0c\" data-element_type=\"container\" data-e-type=\"container\" data-settings=\"{&quot;ekit_has_onepagescroll_dot&quot;:&quot;yes&quot;}\">\n\t\t\t\t<div class=\"elementor-element elementor-element-c403222 elementor-widget elementor-widget-text-editor\" data-id=\"c403222\" data-element_type=\"widget\" data-e-type=\"widget\" data-settings=\"{&quot;ekit_we_effect_on&quot;:&quot;none&quot;}\" data-widget_type=\"text-editor.default\">\n\t\t\t\t<div class=\"elementor-widget-container\">\n\t\t\t\t\t\t\t\t\t<p>Lire la suite<\/p>\t\t\t\t\t\t\t\t<\/div>\n\t\t\t\t<\/div>\n\t\t\t\t<div class=\"elementor-element elementor-element-92cc411 elementor-view-default elementor-widget elementor-widget-icon\" data-id=\"92cc411\" data-element_type=\"widget\" data-e-type=\"widget\" data-settings=\"{&quot;ekit_we_effect_on&quot;:&quot;none&quot;}\" data-widget_type=\"icon.default\">\n\t\t\t\t<div class=\"elementor-widget-container\">\n\t\t\t\t\t\t\t<div class=\"elementor-icon-wrapper\">\n\t\t\t<div class=\"elementor-icon\">\n\t\t\t<i aria-hidden=\"true\" class=\"icon icon-right-arrow\"><\/i>\t\t\t<\/div>\n\t\t<\/div>\n\t\t\t\t\t\t<\/div>\n\t\t\t\t<\/div>\n\t\t\t\t<\/div>\n\t\t\t\t<\/div>\n\t\t\t\t\t<\/div>\n\t\t\t\t<\/a>\n\t\t\t\t<\/div>\n\t\t\t\t<div data-elementor-type=\"loop-item\" data-elementor-id=\"21734\" class=\"elementor elementor-21734 e-loop-item e-loop-item-36687 post-36687 post type-post status-publish format-standard has-post-thumbnail hentry category-communaute-clinique-omicron category-engagement-communautaire category-faq-mythes-sante category-telemedecine-consultation-en-ligne tag-constipation tag-depistage-colorectal tag-fibres-alimentaires tag-laxatifs tag-sante-digestive tag-transit-intestinal\" data-elementor-post-type=\"elementor_library\" data-custom-edit-handle=\"1\">\n\t\t\t<a class=\"elementor-element elementor-element-7227777 e-flex e-con-boxed e-con e-parent\" data-id=\"7227777\" data-element_type=\"container\" data-e-type=\"container\" data-settings=\"{&quot;background_background&quot;:&quot;classic&quot;,&quot;ekit_has_onepagescroll_dot&quot;:&quot;yes&quot;}\" href=\"https:\/\/cliniqueomicron.ca\/en\/blogue-constipation-transit-quebec\/\">\n\t\t\t\t\t<div class=\"e-con-inner\">\n\t\t\t\t<div class=\"elementor-element elementor-element-58c4ac1 elementor-widget__width-initial elementor-widget elementor-widget-image\" data-id=\"58c4ac1\" data-element_type=\"widget\" data-e-type=\"widget\" data-settings=\"{&quot;ekit_we_effect_on&quot;:&quot;none&quot;}\" data-widget_type=\"image.default\">\n\t\t\t\t<div class=\"elementor-widget-container\">\n\t\t\t\t\t\t\t\t\t\t\t\t\t\t\t<img loading=\"lazy\" decoding=\"async\" width=\"1024\" height=\"576\" src=\"https:\/\/cliniqueomicron.ca\/wp-content\/uploads\/2026\/07\/63-1024x576.webp\" class=\"attachment-large size-large wp-image-36850\" alt=\"\" srcset=\"https:\/\/cliniqueomicron.ca\/wp-content\/uploads\/2026\/07\/63-1024x576.webp 1024w, https:\/\/cliniqueomicron.ca\/wp-content\/uploads\/2026\/07\/63-300x169.webp 300w, https:\/\/cliniqueomicron.ca\/wp-content\/uploads\/2026\/07\/63-768x432.webp 768w, https:\/\/cliniqueomicron.ca\/wp-content\/uploads\/2026\/07\/63-1536x864.webp 1536w, https:\/\/cliniqueomicron.ca\/wp-content\/uploads\/2026\/07\/63-scaled.webp 1920w, https:\/\/cliniqueomicron.ca\/wp-content\/uploads\/2026\/07\/63-18x10.webp 18w\" sizes=\"(max-width: 1024px) 100vw, 1024px\" \/>\t\t\t\t\t\t\t\t\t\t\t\t\t\t\t<\/div>\n\t\t\t\t<\/div>\n\t\t<div class=\"elementor-element elementor-element-6910de0 e-con-full e-flex e-con e-child\" data-id=\"6910de0\" data-element_type=\"container\" data-e-type=\"container\" data-settings=\"{&quot;ekit_has_onepagescroll_dot&quot;:&quot;yes&quot;}\">\n\t\t<div class=\"elementor-element elementor-element-46af339 e-con-full e-flex e-con e-child\" data-id=\"46af339\" data-element_type=\"container\" data-e-type=\"container\" data-settings=\"{&quot;ekit_has_onepagescroll_dot&quot;:&quot;yes&quot;}\">\n\t\t\t\t<div class=\"elementor-element elementor-element-28bd036 elementor-widget elementor-widget-heading\" data-id=\"28bd036\" data-element_type=\"widget\" data-e-type=\"widget\" data-settings=\"{&quot;ekit_we_effect_on&quot;:&quot;none&quot;}\" data-widget_type=\"heading.default\">\n\t\t\t\t<div class=\"elementor-widget-container\">\n\t\t\t\t\t<h4 class=\"elementor-heading-title elementor-size-default\">Constipation et transit : comprendre, soulager et quand consulter<\/h4>\t\t\t\t<\/div>\n\t\t\t\t<\/div>\n\t\t\t\t<div class=\"elementor-element elementor-element-03c04f4 elementor-widget elementor-widget-text-editor\" data-id=\"03c04f4\" data-element_type=\"widget\" data-e-type=\"widget\" data-settings=\"{&quot;ekit_we_effect_on&quot;:&quot;none&quot;}\" data-widget_type=\"text-editor.default\">\n\t\t\t\t<div class=\"elementor-widget-container\">\n\t\t\t\t\t\t\t\t\t<p>La constipation touche presque tout le monde \u00e0 un moment ou \u00e0 un autre, et elle reste l&#8217;un des motifs de consultation les plus courants en premi\u00e8re ligne.\t\t\t\t\t\t\t\t<\/div>\n\t\t\t\t<\/div>\n\t\t\t\t<\/div>\n\t\t<div class=\"elementor-element elementor-element-6364c0c e-con-full e-flex e-con e-child\" data-id=\"6364c0c\" data-element_type=\"container\" data-e-type=\"container\" data-settings=\"{&quot;ekit_has_onepagescroll_dot&quot;:&quot;yes&quot;}\">\n\t\t\t\t<div class=\"elementor-element elementor-element-c403222 elementor-widget elementor-widget-text-editor\" data-id=\"c403222\" data-element_type=\"widget\" data-e-type=\"widget\" data-settings=\"{&quot;ekit_we_effect_on&quot;:&quot;none&quot;}\" data-widget_type=\"text-editor.default\">\n\t\t\t\t<div class=\"elementor-widget-container\">\n\t\t\t\t\t\t\t\t\t<p>Lire la suite<\/p>\t\t\t\t\t\t\t\t<\/div>\n\t\t\t\t<\/div>\n\t\t\t\t<div class=\"elementor-element elementor-element-92cc411 elementor-view-default elementor-widget elementor-widget-icon\" data-id=\"92cc411\" data-element_type=\"widget\" data-e-type=\"widget\" data-settings=\"{&quot;ekit_we_effect_on&quot;:&quot;none&quot;}\" data-widget_type=\"icon.default\">\n\t\t\t\t<div class=\"elementor-widget-container\">\n\t\t\t\t\t\t\t<div class=\"elementor-icon-wrapper\">\n\t\t\t<div class=\"elementor-icon\">\n\t\t\t<i aria-hidden=\"true\" class=\"icon icon-right-arrow\"><\/i>\t\t\t<\/div>\n\t\t<\/div>\n\t\t\t\t\t\t<\/div>\n\t\t\t\t<\/div>\n\t\t\t\t<\/div>\n\t\t\t\t<\/div>\n\t\t\t\t\t<\/div>\n\t\t\t\t<\/a>\n\t\t\t\t<\/div>\n\t\t\t\t<div data-elementor-type=\"loop-item\" data-elementor-id=\"21734\" class=\"elementor elementor-21734 e-loop-item e-loop-item-36690 post-36690 post type-post status-publish format-standard has-post-thumbnail hentry category-actualites-medicales category-communaute-clinique-omicron category-engagement-communautaire category-telemedecine-consultation-en-ligne tag-angine-a-streptocoque tag-angine-streptocoque tag-antibiotiques tag-autosoin tag-mal-de-gorge tag-rhume tag-teleconsultation\" data-elementor-post-type=\"elementor_library\" data-custom-edit-handle=\"1\">\n\t\t\t<a class=\"elementor-element elementor-element-7227777 e-flex e-con-boxed e-con e-parent\" data-id=\"7227777\" data-element_type=\"container\" data-e-type=\"container\" data-settings=\"{&quot;background_background&quot;:&quot;classic&quot;,&quot;ekit_has_onepagescroll_dot&quot;:&quot;yes&quot;}\" href=\"https:\/\/cliniqueomicron.ca\/en\/blogue-mal-de-gorge-rhume-angine-quebec\/\">\n\t\t\t\t\t<div class=\"e-con-inner\">\n\t\t\t\t<div class=\"elementor-element elementor-element-58c4ac1 elementor-widget__width-initial elementor-widget elementor-widget-image\" data-id=\"58c4ac1\" data-element_type=\"widget\" data-e-type=\"widget\" data-settings=\"{&quot;ekit_we_effect_on&quot;:&quot;none&quot;}\" data-widget_type=\"image.default\">\n\t\t\t\t<div class=\"elementor-widget-container\">\n\t\t\t\t\t\t\t\t\t\t\t\t\t\t\t<img loading=\"lazy\" decoding=\"async\" width=\"1024\" height=\"576\" src=\"https:\/\/cliniqueomicron.ca\/wp-content\/uploads\/2026\/07\/61-1024x576.webp\" class=\"attachment-large size-large wp-image-36848\" alt=\"\" srcset=\"https:\/\/cliniqueomicron.ca\/wp-content\/uploads\/2026\/07\/61-1024x576.webp 1024w, https:\/\/cliniqueomicron.ca\/wp-content\/uploads\/2026\/07\/61-300x169.webp 300w, https:\/\/cliniqueomicron.ca\/wp-content\/uploads\/2026\/07\/61-768x432.webp 768w, https:\/\/cliniqueomicron.ca\/wp-content\/uploads\/2026\/07\/61-1536x864.webp 1536w, https:\/\/cliniqueomicron.ca\/wp-content\/uploads\/2026\/07\/61-scaled.webp 1920w, https:\/\/cliniqueomicron.ca\/wp-content\/uploads\/2026\/07\/61-18x10.webp 18w\" sizes=\"(max-width: 1024px) 100vw, 1024px\" \/>\t\t\t\t\t\t\t\t\t\t\t\t\t\t\t<\/div>\n\t\t\t\t<\/div>\n\t\t<div class=\"elementor-element elementor-element-6910de0 e-con-full e-flex e-con e-child\" data-id=\"6910de0\" data-element_type=\"container\" data-e-type=\"container\" data-settings=\"{&quot;ekit_has_onepagescroll_dot&quot;:&quot;yes&quot;}\">\n\t\t<div class=\"elementor-element elementor-element-46af339 e-con-full e-flex e-con e-child\" data-id=\"46af339\" data-element_type=\"container\" data-e-type=\"container\" data-settings=\"{&quot;ekit_has_onepagescroll_dot&quot;:&quot;yes&quot;}\">\n\t\t\t\t<div class=\"elementor-element elementor-element-28bd036 elementor-widget elementor-widget-heading\" data-id=\"28bd036\" data-element_type=\"widget\" data-e-type=\"widget\" data-settings=\"{&quot;ekit_we_effect_on&quot;:&quot;none&quot;}\" data-widget_type=\"heading.default\">\n\t\t\t\t<div class=\"elementor-widget-container\">\n\t\t\t\t\t<h4 class=\"elementor-heading-title elementor-size-default\">Mal de gorge et rhume : autosoin, pharmacien ou t\u00e9l\u00e9consultation<\/h4>\t\t\t\t<\/div>\n\t\t\t\t<\/div>\n\t\t\t\t<div class=\"elementor-element elementor-element-03c04f4 elementor-widget elementor-widget-text-editor\" data-id=\"03c04f4\" data-element_type=\"widget\" data-e-type=\"widget\" data-settings=\"{&quot;ekit_we_effect_on&quot;:&quot;none&quot;}\" data-widget_type=\"text-editor.default\">\n\t\t\t\t<div class=\"elementor-widget-container\">\n\t\t\t\t\t\t\t\t\t<p>Un mal de gorge figure parmi les motifs de consultation les plus fr\u00e9quents, et il inqui\u00e8te souvent plus qu&#8217;il ne le devrait. La grande majorit\u00e9 des cas sont\t\t\t\t\t\t\t\t<\/div>\n\t\t\t\t<\/div>\n\t\t\t\t<\/div>\n\t\t<div class=\"elementor-element elementor-element-6364c0c e-con-full e-flex e-con e-child\" data-id=\"6364c0c\" data-element_type=\"container\" data-e-type=\"container\" data-settings=\"{&quot;ekit_has_onepagescroll_dot&quot;:&quot;yes&quot;}\">\n\t\t\t\t<div class=\"elementor-element elementor-element-c403222 elementor-widget elementor-widget-text-editor\" data-id=\"c403222\" data-element_type=\"widget\" data-e-type=\"widget\" data-settings=\"{&quot;ekit_we_effect_on&quot;:&quot;none&quot;}\" data-widget_type=\"text-editor.default\">\n\t\t\t\t<div class=\"elementor-widget-container\">\n\t\t\t\t\t\t\t\t\t<p>Lire la suite<\/p>\t\t\t\t\t\t\t\t<\/div>\n\t\t\t\t<\/div>\n\t\t\t\t<div class=\"elementor-element elementor-element-92cc411 elementor-view-default elementor-widget elementor-widget-icon\" data-id=\"92cc411\" data-element_type=\"widget\" data-e-type=\"widget\" data-settings=\"{&quot;ekit_we_effect_on&quot;:&quot;none&quot;}\" data-widget_type=\"icon.default\">\n\t\t\t\t<div class=\"elementor-widget-container\">\n\t\t\t\t\t\t\t<div class=\"elementor-icon-wrapper\">\n\t\t\t<div class=\"elementor-icon\">\n\t\t\t<i aria-hidden=\"true\" class=\"icon icon-right-arrow\"><\/i>\t\t\t<\/div>\n\t\t<\/div>\n\t\t\t\t\t\t<\/div>\n\t\t\t\t<\/div>\n\t\t\t\t<\/div>\n\t\t\t\t<\/div>\n\t\t\t\t\t<\/div>\n\t\t\t\t<\/a>\n\t\t\t\t<\/div>\n\t\t\t\t<div data-elementor-type=\"loop-item\" data-elementor-id=\"21734\" class=\"elementor elementor-21734 e-loop-item e-loop-item-36689 post-36689 post type-post status-publish format-standard has-post-thumbnail hentry category-communaute-clinique-omicron category-engagement-communautaire category-faq-mythes-sante category-telemedecine-consultation-en-ligne tag-consultation-sante-voyage tag-depistage-diabete tag-glycemie tag-hba1c tag-hemoglobine-glyquee tag-prediabete tag-preparation-voyage tag-prevention-voyage tag-prevention-voyageur tag-sante-voyage-2 tag-teleconsultation tag-trousse-de-voyage tag-vaccins-de-voyage tag-vaccins-voyage\" data-elementor-post-type=\"elementor_library\" data-custom-edit-handle=\"1\">\n\t\t\t<a class=\"elementor-element elementor-element-7227777 e-flex e-con-boxed e-con e-parent\" data-id=\"7227777\" data-element_type=\"container\" data-e-type=\"container\" data-settings=\"{&quot;background_background&quot;:&quot;classic&quot;,&quot;ekit_has_onepagescroll_dot&quot;:&quot;yes&quot;}\" href=\"https:\/\/cliniqueomicron.ca\/en\/blogue-consultation-sante-voyage-quebec\/\">\n\t\t\t\t\t<div class=\"e-con-inner\">\n\t\t\t\t<div class=\"elementor-element elementor-element-58c4ac1 elementor-widget__width-initial elementor-widget elementor-widget-image\" data-id=\"58c4ac1\" data-element_type=\"widget\" data-e-type=\"widget\" data-settings=\"{&quot;ekit_we_effect_on&quot;:&quot;none&quot;}\" data-widget_type=\"image.default\">\n\t\t\t\t<div class=\"elementor-widget-container\">\n\t\t\t\t\t\t\t\t\t\t\t\t\t\t\t<img loading=\"lazy\" decoding=\"async\" width=\"1024\" height=\"576\" src=\"https:\/\/cliniqueomicron.ca\/wp-content\/uploads\/2026\/07\/60-1024x576.webp\" class=\"attachment-large size-large wp-image-36847\" alt=\"\" srcset=\"https:\/\/cliniqueomicron.ca\/wp-content\/uploads\/2026\/07\/60-1024x576.webp 1024w, https:\/\/cliniqueomicron.ca\/wp-content\/uploads\/2026\/07\/60-300x169.webp 300w, https:\/\/cliniqueomicron.ca\/wp-content\/uploads\/2026\/07\/60-768x432.webp 768w, https:\/\/cliniqueomicron.ca\/wp-content\/uploads\/2026\/07\/60-1536x864.webp 1536w, https:\/\/cliniqueomicron.ca\/wp-content\/uploads\/2026\/07\/60-scaled.webp 1920w, https:\/\/cliniqueomicron.ca\/wp-content\/uploads\/2026\/07\/60-18x10.webp 18w\" sizes=\"(max-width: 1024px) 100vw, 1024px\" \/>\t\t\t\t\t\t\t\t\t\t\t\t\t\t\t<\/div>\n\t\t\t\t<\/div>\n\t\t<div class=\"elementor-element elementor-element-6910de0 e-con-full e-flex e-con e-child\" data-id=\"6910de0\" data-element_type=\"container\" data-e-type=\"container\" data-settings=\"{&quot;ekit_has_onepagescroll_dot&quot;:&quot;yes&quot;}\">\n\t\t<div class=\"elementor-element elementor-element-46af339 e-con-full e-flex e-con e-child\" data-id=\"46af339\" data-element_type=\"container\" data-e-type=\"container\" data-settings=\"{&quot;ekit_has_onepagescroll_dot&quot;:&quot;yes&quot;}\">\n\t\t\t\t<div class=\"elementor-element elementor-element-28bd036 elementor-widget elementor-widget-heading\" data-id=\"28bd036\" data-element_type=\"widget\" data-e-type=\"widget\" data-settings=\"{&quot;ekit_we_effect_on&quot;:&quot;none&quot;}\" data-widget_type=\"heading.default\">\n\t\t\t\t<div class=\"elementor-widget-container\">\n\t\t\t\t\t<h4 class=\"elementor-heading-title elementor-size-default\">Consultation sant\u00e9-voyage : bien pr\u00e9parer son d\u00e9part<\/h4>\t\t\t\t<\/div>\n\t\t\t\t<\/div>\n\t\t\t\t<div class=\"elementor-element elementor-element-03c04f4 elementor-widget elementor-widget-text-editor\" data-id=\"03c04f4\" data-element_type=\"widget\" data-e-type=\"widget\" data-settings=\"{&quot;ekit_we_effect_on&quot;:&quot;none&quot;}\" data-widget_type=\"text-editor.default\">\n\t\t\t\t<div class=\"elementor-widget-container\">\n\t\t\t\t\t\t\t\t\t<p>Un billet d&#8217;avion r\u00e9serv\u00e9, une valise \u00e0 pr\u00e9parer et, souvent, une \u00e9tape oubli\u00e9e jusqu&#8217;\u00e0 la derni\u00e8re minute : la sant\u00e9 du voyageur. Les vaccins de voyage et la\t\t\t\t\t\t\t\t<\/div>\n\t\t\t\t<\/div>\n\t\t\t\t<\/div>\n\t\t<div class=\"elementor-element elementor-element-6364c0c e-con-full e-flex e-con e-child\" data-id=\"6364c0c\" data-element_type=\"container\" data-e-type=\"container\" data-settings=\"{&quot;ekit_has_onepagescroll_dot&quot;:&quot;yes&quot;}\">\n\t\t\t\t<div class=\"elementor-element elementor-element-c403222 elementor-widget elementor-widget-text-editor\" data-id=\"c403222\" data-element_type=\"widget\" data-e-type=\"widget\" data-settings=\"{&quot;ekit_we_effect_on&quot;:&quot;none&quot;}\" data-widget_type=\"text-editor.default\">\n\t\t\t\t<div class=\"elementor-widget-container\">\n\t\t\t\t\t\t\t\t\t<p>Lire la suite<\/p>\t\t\t\t\t\t\t\t<\/div>\n\t\t\t\t<\/div>\n\t\t\t\t<div class=\"elementor-element elementor-element-92cc411 elementor-view-default elementor-widget elementor-widget-icon\" data-id=\"92cc411\" data-element_type=\"widget\" data-e-type=\"widget\" data-settings=\"{&quot;ekit_we_effect_on&quot;:&quot;none&quot;}\" data-widget_type=\"icon.default\">\n\t\t\t\t<div class=\"elementor-widget-container\">\n\t\t\t\t\t\t\t<div class=\"elementor-icon-wrapper\">\n\t\t\t<div class=\"elementor-icon\">\n\t\t\t<i aria-hidden=\"true\" class=\"icon icon-right-arrow\"><\/i>\t\t\t<\/div>\n\t\t<\/div>\n\t\t\t\t\t\t<\/div>\n\t\t\t\t<\/div>\n\t\t\t\t<\/div>\n\t\t\t\t<\/div>\n\t\t\t\t\t<\/div>\n\t\t\t\t<\/a>\n\t\t\t\t<\/div>\n\t\t\t\t<div data-elementor-type=\"loop-item\" data-elementor-id=\"21734\" class=\"elementor elementor-21734 e-loop-item e-loop-item-36688 post-36688 post type-post status-publish format-standard has-post-thumbnail hentry category-communaute-clinique-omicron category-engagement-communautaire category-faq-mythes-sante category-telemedecine-consultation-en-ligne tag-bilan-lipidique tag-cholesterol tag-contraception tag-contraception-durgence tag-hdl-ldl tag-planification-familiale tag-risque-cardiovasculaire tag-sante-sexuelle tag-teleconsultation tag-triglycerides\" data-elementor-post-type=\"elementor_library\" data-custom-edit-handle=\"1\">\n\t\t\t<a class=\"elementor-element elementor-element-7227777 e-flex e-con-boxed e-con e-parent\" data-id=\"7227777\" data-element_type=\"container\" data-e-type=\"container\" data-settings=\"{&quot;background_background&quot;:&quot;classic&quot;,&quot;ekit_has_onepagescroll_dot&quot;:&quot;yes&quot;}\" href=\"https:\/\/cliniqueomicron.ca\/en\/blogue-contraception-options-suivi-teleconsultation-quebec\/\">\n\t\t\t\t\t<div class=\"e-con-inner\">\n\t\t\t\t<div class=\"elementor-element elementor-element-58c4ac1 elementor-widget__width-initial elementor-widget elementor-widget-image\" data-id=\"58c4ac1\" data-element_type=\"widget\" data-e-type=\"widget\" data-settings=\"{&quot;ekit_we_effect_on&quot;:&quot;none&quot;}\" data-widget_type=\"image.default\">\n\t\t\t\t<div class=\"elementor-widget-container\">\n\t\t\t\t\t\t\t\t\t\t\t\t\t\t\t<img loading=\"lazy\" decoding=\"async\" width=\"1024\" height=\"576\" src=\"https:\/\/cliniqueomicron.ca\/wp-content\/uploads\/2026\/07\/57-1024x576.webp\" class=\"attachment-large size-large wp-image-36844\" alt=\"\" srcset=\"https:\/\/cliniqueomicron.ca\/wp-content\/uploads\/2026\/07\/57-1024x576.webp 1024w, https:\/\/cliniqueomicron.ca\/wp-content\/uploads\/2026\/07\/57-300x169.webp 300w, https:\/\/cliniqueomicron.ca\/wp-content\/uploads\/2026\/07\/57-768x432.webp 768w, https:\/\/cliniqueomicron.ca\/wp-content\/uploads\/2026\/07\/57-1536x864.webp 1536w, https:\/\/cliniqueomicron.ca\/wp-content\/uploads\/2026\/07\/57-scaled.webp 1920w, https:\/\/cliniqueomicron.ca\/wp-content\/uploads\/2026\/07\/57-18x10.webp 18w\" sizes=\"(max-width: 1024px) 100vw, 1024px\" \/>\t\t\t\t\t\t\t\t\t\t\t\t\t\t\t<\/div>\n\t\t\t\t<\/div>\n\t\t<div class=\"elementor-element elementor-element-6910de0 e-con-full e-flex e-con e-child\" data-id=\"6910de0\" data-element_type=\"container\" data-e-type=\"container\" data-settings=\"{&quot;ekit_has_onepagescroll_dot&quot;:&quot;yes&quot;}\">\n\t\t<div class=\"elementor-element elementor-element-46af339 e-con-full e-flex e-con e-child\" data-id=\"46af339\" data-element_type=\"container\" data-e-type=\"container\" data-settings=\"{&quot;ekit_has_onepagescroll_dot&quot;:&quot;yes&quot;}\">\n\t\t\t\t<div class=\"elementor-element elementor-element-28bd036 elementor-widget elementor-widget-heading\" data-id=\"28bd036\" data-element_type=\"widget\" data-e-type=\"widget\" data-settings=\"{&quot;ekit_we_effect_on&quot;:&quot;none&quot;}\" data-widget_type=\"heading.default\">\n\t\t\t\t<div class=\"elementor-widget-container\">\n\t\t\t\t\t<h4 class=\"elementor-heading-title elementor-size-default\">Contraception : comprendre les options et le suivi en t\u00e9l\u00e9consultation<\/h4>\t\t\t\t<\/div>\n\t\t\t\t<\/div>\n\t\t\t\t<div class=\"elementor-element elementor-element-03c04f4 elementor-widget elementor-widget-text-editor\" data-id=\"03c04f4\" data-element_type=\"widget\" data-e-type=\"widget\" data-settings=\"{&quot;ekit_we_effect_on&quot;:&quot;none&quot;}\" data-widget_type=\"text-editor.default\">\n\t\t\t\t<div class=\"elementor-widget-container\">\n\t\t\t\t\t\t\t\t\t<p>\u00ab Votre cholest\u00e9rol est un peu \u00e9lev\u00e9. \u00bb Cette phrase, beaucoup de Qu\u00e9b\u00e9cois l&#8217;ont entendue apr\u00e8s une prise de sang, sans toujours savoir ce qu&#8217;elle signifie vraiment. Le\t\t\t\t\t\t\t\t<\/div>\n\t\t\t\t<\/div>\n\t\t\t\t<\/div>\n\t\t<div class=\"elementor-element elementor-element-6364c0c e-con-full e-flex e-con e-child\" data-id=\"6364c0c\" data-element_type=\"container\" data-e-type=\"container\" data-settings=\"{&quot;ekit_has_onepagescroll_dot&quot;:&quot;yes&quot;}\">\n\t\t\t\t<div class=\"elementor-element elementor-element-c403222 elementor-widget elementor-widget-text-editor\" data-id=\"c403222\" data-element_type=\"widget\" data-e-type=\"widget\" data-settings=\"{&quot;ekit_we_effect_on&quot;:&quot;none&quot;}\" data-widget_type=\"text-editor.default\">\n\t\t\t\t<div class=\"elementor-widget-container\">\n\t\t\t\t\t\t\t\t\t<p>Lire la suite<\/p>\t\t\t\t\t\t\t\t<\/div>\n\t\t\t\t<\/div>\n\t\t\t\t<div class=\"elementor-element elementor-element-92cc411 elementor-view-default elementor-widget elementor-widget-icon\" data-id=\"92cc411\" data-element_type=\"widget\" data-e-type=\"widget\" data-settings=\"{&quot;ekit_we_effect_on&quot;:&quot;none&quot;}\" data-widget_type=\"icon.default\">\n\t\t\t\t<div class=\"elementor-widget-container\">\n\t\t\t\t\t\t\t<div class=\"elementor-icon-wrapper\">\n\t\t\t<div class=\"elementor-icon\">\n\t\t\t<i aria-hidden=\"true\" class=\"icon icon-right-arrow\"><\/i>\t\t\t<\/div>\n\t\t<\/div>\n\t\t\t\t\t\t<\/div>\n\t\t\t\t<\/div>\n\t\t\t\t<\/div>\n\t\t\t\t<\/div>\n\t\t\t\t\t<\/div>\n\t\t\t\t<\/a>\n\t\t\t\t<\/div>\n\t\t\t\t<div data-elementor-type=\"loop-item\" data-elementor-id=\"21734\" class=\"elementor elementor-21734 e-loop-item e-loop-item-36680 post-36680 post type-post status-publish format-standard has-post-thumbnail hentry category-communaute-clinique-omicron category-engagement-communautaire category-faq-mythes-sante category-depistage-bilan-sante tag-carences-nutritionnelles tag-depistage tag-dosages-sanguins tag-ferritine tag-nutrition tag-prise-de-sang tag-sur-depistage tag-vitamines tag-vitamines-et-mineraux\" data-elementor-post-type=\"elementor_library\" data-custom-edit-handle=\"1\">\n\t\t\t<a class=\"elementor-element elementor-element-7227777 e-flex e-con-boxed e-con e-parent\" data-id=\"7227777\" data-element_type=\"container\" data-e-type=\"container\" data-settings=\"{&quot;background_background&quot;:&quot;classic&quot;,&quot;ekit_has_onepagescroll_dot&quot;:&quot;yes&quot;}\" href=\"https:\/\/cliniqueomicron.ca\/en\/blogue-carences-nutritionnelles-bilan-sanguin-quebec\/\">\n\t\t\t\t\t<div class=\"e-con-inner\">\n\t\t\t\t<div class=\"elementor-element elementor-element-58c4ac1 elementor-widget__width-initial elementor-widget elementor-widget-image\" data-id=\"58c4ac1\" data-element_type=\"widget\" data-e-type=\"widget\" data-settings=\"{&quot;ekit_we_effect_on&quot;:&quot;none&quot;}\" data-widget_type=\"image.default\">\n\t\t\t\t<div class=\"elementor-widget-container\">\n\t\t\t\t\t\t\t\t\t\t\t\t\t\t\t<img loading=\"lazy\" decoding=\"async\" width=\"1024\" height=\"576\" src=\"https:\/\/cliniqueomicron.ca\/wp-content\/uploads\/2026\/07\/55-1024x576.webp\" class=\"attachment-large size-large wp-image-36842\" alt=\"\" srcset=\"https:\/\/cliniqueomicron.ca\/wp-content\/uploads\/2026\/07\/55-1024x576.webp 1024w, https:\/\/cliniqueomicron.ca\/wp-content\/uploads\/2026\/07\/55-300x169.webp 300w, https:\/\/cliniqueomicron.ca\/wp-content\/uploads\/2026\/07\/55-768x432.webp 768w, https:\/\/cliniqueomicron.ca\/wp-content\/uploads\/2026\/07\/55-1536x864.webp 1536w, https:\/\/cliniqueomicron.ca\/wp-content\/uploads\/2026\/07\/55-scaled.webp 1920w, https:\/\/cliniqueomicron.ca\/wp-content\/uploads\/2026\/07\/55-18x10.webp 18w\" sizes=\"(max-width: 1024px) 100vw, 1024px\" \/>\t\t\t\t\t\t\t\t\t\t\t\t\t\t\t<\/div>\n\t\t\t\t<\/div>\n\t\t<div class=\"elementor-element elementor-element-6910de0 e-con-full e-flex e-con e-child\" data-id=\"6910de0\" data-element_type=\"container\" data-e-type=\"container\" data-settings=\"{&quot;ekit_has_onepagescroll_dot&quot;:&quot;yes&quot;}\">\n\t\t<div class=\"elementor-element elementor-element-46af339 e-con-full e-flex e-con e-child\" data-id=\"46af339\" data-element_type=\"container\" data-e-type=\"container\" data-settings=\"{&quot;ekit_has_onepagescroll_dot&quot;:&quot;yes&quot;}\">\n\t\t\t\t<div class=\"elementor-element elementor-element-28bd036 elementor-widget elementor-widget-heading\" data-id=\"28bd036\" data-element_type=\"widget\" data-e-type=\"widget\" data-settings=\"{&quot;ekit_we_effect_on&quot;:&quot;none&quot;}\" data-widget_type=\"heading.default\">\n\t\t\t\t<div class=\"elementor-widget-container\">\n\t\t\t\t\t<h4 class=\"elementor-heading-title elementor-size-default\">Carences nutritionnelles : quand un bilan sanguin est pertinent<\/h4>\t\t\t\t<\/div>\n\t\t\t\t<\/div>\n\t\t\t\t<div class=\"elementor-element elementor-element-03c04f4 elementor-widget elementor-widget-text-editor\" data-id=\"03c04f4\" data-element_type=\"widget\" data-e-type=\"widget\" data-settings=\"{&quot;ekit_we_effect_on&quot;:&quot;none&quot;}\" data-widget_type=\"text-editor.default\">\n\t\t\t\t<div class=\"elementor-widget-container\">\n\t\t\t\t\t\t\t\t\t<p>Suppl\u00e9ments en vente libre, panels sanguins vendus en ligne, articles alarmistes sur les \u00ab manques cach\u00e9s \u00bb : le sujet des carences nutritionnelles g\u00e9n\u00e8re beaucoup de bruit, et\t\t\t\t\t\t\t\t<\/div>\n\t\t\t\t<\/div>\n\t\t\t\t<\/div>\n\t\t<div class=\"elementor-element elementor-element-6364c0c e-con-full e-flex e-con e-child\" data-id=\"6364c0c\" data-element_type=\"container\" data-e-type=\"container\" data-settings=\"{&quot;ekit_has_onepagescroll_dot&quot;:&quot;yes&quot;}\">\n\t\t\t\t<div class=\"elementor-element elementor-element-c403222 elementor-widget elementor-widget-text-editor\" data-id=\"c403222\" data-element_type=\"widget\" data-e-type=\"widget\" data-settings=\"{&quot;ekit_we_effect_on&quot;:&quot;none&quot;}\" data-widget_type=\"text-editor.default\">\n\t\t\t\t<div class=\"elementor-widget-container\">\n\t\t\t\t\t\t\t\t\t<p>Lire la suite<\/p>\t\t\t\t\t\t\t\t<\/div>\n\t\t\t\t<\/div>\n\t\t\t\t<div class=\"elementor-element elementor-element-92cc411 elementor-view-default elementor-widget elementor-widget-icon\" data-id=\"92cc411\" data-element_type=\"widget\" data-e-type=\"widget\" data-settings=\"{&quot;ekit_we_effect_on&quot;:&quot;none&quot;}\" data-widget_type=\"icon.default\">\n\t\t\t\t<div class=\"elementor-widget-container\">\n\t\t\t\t\t\t\t<div class=\"elementor-icon-wrapper\">\n\t\t\t<div class=\"elementor-icon\">\n\t\t\t<i aria-hidden=\"true\" class=\"icon icon-right-arrow\"><\/i>\t\t\t<\/div>\n\t\t<\/div>\n\t\t\t\t\t\t<\/div>\n\t\t\t\t<\/div>\n\t\t\t\t<\/div>\n\t\t\t\t<\/div>\n\t\t\t\t\t<\/div>\n\t\t\t\t<\/a>\n\t\t\t\t<\/div>\n\t\t\t\t<div data-elementor-type=\"loop-item\" data-elementor-id=\"21734\" class=\"elementor elementor-21734 e-loop-item e-loop-item-36685 post-36685 post type-post status-publish format-standard has-post-thumbnail hentry category-communaute-clinique-omicron category-engagement-communautaire category-faq-mythes-sante category-telemedecine-consultation-en-ligne tag-analyse-durine tag-cystite tag-infection-urinaire tag-sante-de-la-femme tag-sante-des-femmes tag-teleconsultation\" data-elementor-post-type=\"elementor_library\" data-custom-edit-handle=\"1\">\n\t\t\t<a class=\"elementor-element elementor-element-7227777 e-flex e-con-boxed e-con e-parent\" data-id=\"7227777\" data-element_type=\"container\" data-e-type=\"container\" data-settings=\"{&quot;background_background&quot;:&quot;classic&quot;,&quot;ekit_has_onepagescroll_dot&quot;:&quot;yes&quot;}\" href=\"https:\/\/cliniqueomicron.ca\/en\/blogue-infection-urinaire-teleconsultation-quebec\/\">\n\t\t\t\t\t<div class=\"e-con-inner\">\n\t\t\t\t<div class=\"elementor-element elementor-element-58c4ac1 elementor-widget__width-initial elementor-widget elementor-widget-image\" data-id=\"58c4ac1\" data-element_type=\"widget\" data-e-type=\"widget\" data-settings=\"{&quot;ekit_we_effect_on&quot;:&quot;none&quot;}\" data-widget_type=\"image.default\">\n\t\t\t\t<div class=\"elementor-widget-container\">\n\t\t\t\t\t\t\t\t\t\t\t\t\t\t\t<img loading=\"lazy\" decoding=\"async\" width=\"1024\" height=\"576\" src=\"https:\/\/cliniqueomicron.ca\/wp-content\/uploads\/2026\/07\/56-1024x576.webp\" class=\"attachment-large size-large wp-image-36843\" alt=\"\" srcset=\"https:\/\/cliniqueomicron.ca\/wp-content\/uploads\/2026\/07\/56-1024x576.webp 1024w, https:\/\/cliniqueomicron.ca\/wp-content\/uploads\/2026\/07\/56-300x169.webp 300w, https:\/\/cliniqueomicron.ca\/wp-content\/uploads\/2026\/07\/56-768x432.webp 768w, https:\/\/cliniqueomicron.ca\/wp-content\/uploads\/2026\/07\/56-1536x864.webp 1536w, https:\/\/cliniqueomicron.ca\/wp-content\/uploads\/2026\/07\/56-scaled.webp 1920w, https:\/\/cliniqueomicron.ca\/wp-content\/uploads\/2026\/07\/56-18x10.webp 18w\" sizes=\"(max-width: 1024px) 100vw, 1024px\" \/>\t\t\t\t\t\t\t\t\t\t\t\t\t\t\t<\/div>\n\t\t\t\t<\/div>\n\t\t<div class=\"elementor-element elementor-element-6910de0 e-con-full e-flex e-con e-child\" data-id=\"6910de0\" data-element_type=\"container\" data-e-type=\"container\" data-settings=\"{&quot;ekit_has_onepagescroll_dot&quot;:&quot;yes&quot;}\">\n\t\t<div class=\"elementor-element elementor-element-46af339 e-con-full e-flex e-con e-child\" data-id=\"46af339\" data-element_type=\"container\" data-e-type=\"container\" data-settings=\"{&quot;ekit_has_onepagescroll_dot&quot;:&quot;yes&quot;}\">\n\t\t\t\t<div class=\"elementor-element elementor-element-28bd036 elementor-widget elementor-widget-heading\" data-id=\"28bd036\" data-element_type=\"widget\" data-e-type=\"widget\" data-settings=\"{&quot;ekit_we_effect_on&quot;:&quot;none&quot;}\" data-widget_type=\"heading.default\">\n\t\t\t\t<div class=\"elementor-widget-container\">\n\t\t\t\t\t<h4 class=\"elementor-heading-title elementor-size-default\">Infection urinaire : quand une t\u00e9l\u00e9consultation peut aider<\/h4>\t\t\t\t<\/div>\n\t\t\t\t<\/div>\n\t\t\t\t<div class=\"elementor-element elementor-element-03c04f4 elementor-widget elementor-widget-text-editor\" data-id=\"03c04f4\" data-element_type=\"widget\" data-e-type=\"widget\" data-settings=\"{&quot;ekit_we_effect_on&quot;:&quot;none&quot;}\" data-widget_type=\"text-editor.default\">\n\t\t\t\t<div class=\"elementor-widget-container\">\n\t\t\t\t\t\t\t\t\t<p>Une envie fr\u00e9quente d&#8217;uriner, une br\u00fblure au passage de l&#8217;urine, une sensation de pesanteur au bas-ventre : ces signes \u00e9voquent souvent une infection urinaire, l&#8217;un des motifs de\t\t\t\t\t\t\t\t<\/div>\n\t\t\t\t<\/div>\n\t\t\t\t<\/div>\n\t\t<div class=\"elementor-element elementor-element-6364c0c e-con-full e-flex e-con e-child\" data-id=\"6364c0c\" data-element_type=\"container\" data-e-type=\"container\" data-settings=\"{&quot;ekit_has_onepagescroll_dot&quot;:&quot;yes&quot;}\">\n\t\t\t\t<div class=\"elementor-element elementor-element-c403222 elementor-widget elementor-widget-text-editor\" data-id=\"c403222\" data-element_type=\"widget\" data-e-type=\"widget\" data-settings=\"{&quot;ekit_we_effect_on&quot;:&quot;none&quot;}\" data-widget_type=\"text-editor.default\">\n\t\t\t\t<div class=\"elementor-widget-container\">\n\t\t\t\t\t\t\t\t\t<p>Lire la suite<\/p>\t\t\t\t\t\t\t\t<\/div>\n\t\t\t\t<\/div>\n\t\t\t\t<div class=\"elementor-element elementor-element-92cc411 elementor-view-default elementor-widget elementor-widget-icon\" data-id=\"92cc411\" data-element_type=\"widget\" data-e-type=\"widget\" data-settings=\"{&quot;ekit_we_effect_on&quot;:&quot;none&quot;}\" data-widget_type=\"icon.default\">\n\t\t\t\t<div class=\"elementor-widget-container\">\n\t\t\t\t\t\t\t<div class=\"elementor-icon-wrapper\">\n\t\t\t<div class=\"elementor-icon\">\n\t\t\t<i aria-hidden=\"true\" class=\"icon icon-right-arrow\"><\/i>\t\t\t<\/div>\n\t\t<\/div>\n\t\t\t\t\t\t<\/div>\n\t\t\t\t<\/div>\n\t\t\t\t<\/div>\n\t\t\t\t<\/div>\n\t\t\t\t\t<\/div>\n\t\t\t\t<\/a>\n\t\t\t\t<\/div>\n\t\t\t\t<div data-elementor-type=\"loop-item\" data-elementor-id=\"21734\" class=\"elementor elementor-21734 e-loop-item e-loop-item-36679 post-36679 post type-post status-publish format-standard has-post-thumbnail hentry category-communaute-clinique-omicron category-engagement-communautaire category-faq-mythes-sante category-depistage-bilan-sante tag-arret-tabagique tag-essoufflement tag-mpoc tag-poumons tag-sante-respiratoire tag-spirometrie\" data-elementor-post-type=\"elementor_library\" data-custom-edit-handle=\"1\">\n\t\t\t<a class=\"elementor-element elementor-element-7227777 e-flex e-con-boxed e-con e-parent\" data-id=\"7227777\" data-element_type=\"container\" data-e-type=\"container\" data-settings=\"{&quot;background_background&quot;:&quot;classic&quot;,&quot;ekit_has_onepagescroll_dot&quot;:&quot;yes&quot;}\" href=\"https:\/\/cliniqueomicron.ca\/en\/blogue-mpoc-spirometrie-quebec\/\">\n\t\t\t\t\t<div class=\"e-con-inner\">\n\t\t\t\t<div class=\"elementor-element elementor-element-58c4ac1 elementor-widget__width-initial elementor-widget elementor-widget-image\" data-id=\"58c4ac1\" data-element_type=\"widget\" data-e-type=\"widget\" data-settings=\"{&quot;ekit_we_effect_on&quot;:&quot;none&quot;}\" data-widget_type=\"image.default\">\n\t\t\t\t<div class=\"elementor-widget-container\">\n\t\t\t\t\t\t\t\t\t\t\t\t\t\t\t<img loading=\"lazy\" decoding=\"async\" width=\"1024\" height=\"576\" src=\"https:\/\/cliniqueomicron.ca\/wp-content\/uploads\/2026\/07\/54-1024x576.webp\" class=\"attachment-large size-large wp-image-36841\" alt=\"\" srcset=\"https:\/\/cliniqueomicron.ca\/wp-content\/uploads\/2026\/07\/54-1024x576.webp 1024w, https:\/\/cliniqueomicron.ca\/wp-content\/uploads\/2026\/07\/54-300x169.webp 300w, https:\/\/cliniqueomicron.ca\/wp-content\/uploads\/2026\/07\/54-768x432.webp 768w, https:\/\/cliniqueomicron.ca\/wp-content\/uploads\/2026\/07\/54-1536x864.webp 1536w, https:\/\/cliniqueomicron.ca\/wp-content\/uploads\/2026\/07\/54-scaled.webp 1920w, https:\/\/cliniqueomicron.ca\/wp-content\/uploads\/2026\/07\/54-18x10.webp 18w\" sizes=\"(max-width: 1024px) 100vw, 1024px\" \/>\t\t\t\t\t\t\t\t\t\t\t\t\t\t\t<\/div>\n\t\t\t\t<\/div>\n\t\t<div class=\"elementor-element elementor-element-6910de0 e-con-full e-flex e-con e-child\" data-id=\"6910de0\" data-element_type=\"container\" data-e-type=\"container\" data-settings=\"{&quot;ekit_has_onepagescroll_dot&quot;:&quot;yes&quot;}\">\n\t\t<div class=\"elementor-element elementor-element-46af339 e-con-full e-flex e-con e-child\" data-id=\"46af339\" data-element_type=\"container\" data-e-type=\"container\" data-settings=\"{&quot;ekit_has_onepagescroll_dot&quot;:&quot;yes&quot;}\">\n\t\t\t\t<div class=\"elementor-element elementor-element-28bd036 elementor-widget elementor-widget-heading\" data-id=\"28bd036\" data-element_type=\"widget\" data-e-type=\"widget\" data-settings=\"{&quot;ekit_we_effect_on&quot;:&quot;none&quot;}\" data-widget_type=\"heading.default\">\n\t\t\t\t<div class=\"elementor-widget-container\">\n\t\t\t\t\t<h4 class=\"elementor-heading-title elementor-size-default\">MPOC et sant\u00e9 respiratoire : comprendre la spirom\u00e9trie<\/h4>\t\t\t\t<\/div>\n\t\t\t\t<\/div>\n\t\t\t\t<div class=\"elementor-element elementor-element-03c04f4 elementor-widget elementor-widget-text-editor\" data-id=\"03c04f4\" data-element_type=\"widget\" data-e-type=\"widget\" data-settings=\"{&quot;ekit_we_effect_on&quot;:&quot;none&quot;}\" data-widget_type=\"text-editor.default\">\n\t\t\t\t<div class=\"elementor-widget-container\">\n\t\t\t\t\t\t\t\t\t<p>Un essoufflement qui s&#8217;installe, une toux qui tra\u00eene au r\u00e9veil, un souffle plus court en montant l&#8217;escalier : ces signes discrets passent souvent pour de simples effets de\t\t\t\t\t\t\t\t<\/div>\n\t\t\t\t<\/div>\n\t\t\t\t<\/div>\n\t\t<div class=\"elementor-element elementor-element-6364c0c e-con-full e-flex e-con e-child\" data-id=\"6364c0c\" data-element_type=\"container\" data-e-type=\"container\" data-settings=\"{&quot;ekit_has_onepagescroll_dot&quot;:&quot;yes&quot;}\">\n\t\t\t\t<div class=\"elementor-element elementor-element-c403222 elementor-widget elementor-widget-text-editor\" data-id=\"c403222\" data-element_type=\"widget\" data-e-type=\"widget\" data-settings=\"{&quot;ekit_we_effect_on&quot;:&quot;none&quot;}\" data-widget_type=\"text-editor.default\">\n\t\t\t\t<div class=\"elementor-widget-container\">\n\t\t\t\t\t\t\t\t\t<p>Lire la suite<\/p>\t\t\t\t\t\t\t\t<\/div>\n\t\t\t\t<\/div>\n\t\t\t\t<div class=\"elementor-element elementor-element-92cc411 elementor-view-default elementor-widget elementor-widget-icon\" data-id=\"92cc411\" data-element_type=\"widget\" data-e-type=\"widget\" data-settings=\"{&quot;ekit_we_effect_on&quot;:&quot;none&quot;}\" data-widget_type=\"icon.default\">\n\t\t\t\t<div class=\"elementor-widget-container\">\n\t\t\t\t\t\t\t<div class=\"elementor-icon-wrapper\">\n\t\t\t<div class=\"elementor-icon\">\n\t\t\t<i aria-hidden=\"true\" class=\"icon icon-right-arrow\"><\/i>\t\t\t<\/div>\n\t\t<\/div>\n\t\t\t\t\t\t<\/div>\n\t\t\t\t<\/div>\n\t\t\t\t<\/div>\n\t\t\t\t<\/div>\n\t\t\t\t\t<\/div>\n\t\t\t\t<\/a>\n\t\t\t\t<\/div>\n\t\t\t\t<div data-elementor-type=\"loop-item\" data-elementor-id=\"21734\" class=\"elementor elementor-21734 e-loop-item e-loop-item-36678 post-36678 post type-post status-publish format-standard has-post-thumbnail hentry category-communaute-clinique-omicron category-engagement-communautaire category-faq-mythes-sante category-depistage-bilan-sante tag-creatinine tag-creatinine-dfg tag-depistage tag-fonction-renale tag-maladie-renale-chronique tag-prevention tag-sante-des-reins\" data-elementor-post-type=\"elementor_library\" data-custom-edit-handle=\"1\">\n\t\t\t<a class=\"elementor-element elementor-element-7227777 e-flex e-con-boxed e-con e-parent\" data-id=\"7227777\" data-element_type=\"container\" data-e-type=\"container\" data-settings=\"{&quot;background_background&quot;:&quot;classic&quot;,&quot;ekit_has_onepagescroll_dot&quot;:&quot;yes&quot;}\" href=\"https:\/\/cliniqueomicron.ca\/en\/blogue-sante-des-reins-fonction-renale-quebec\/\">\n\t\t\t\t\t<div class=\"e-con-inner\">\n\t\t\t\t<div class=\"elementor-element elementor-element-58c4ac1 elementor-widget__width-initial elementor-widget elementor-widget-image\" data-id=\"58c4ac1\" data-element_type=\"widget\" data-e-type=\"widget\" data-settings=\"{&quot;ekit_we_effect_on&quot;:&quot;none&quot;}\" data-widget_type=\"image.default\">\n\t\t\t\t<div class=\"elementor-widget-container\">\n\t\t\t\t\t\t\t\t\t\t\t\t\t\t\t<img loading=\"lazy\" decoding=\"async\" width=\"1024\" height=\"576\" src=\"https:\/\/cliniqueomicron.ca\/wp-content\/uploads\/2026\/07\/53-1024x576.jpg\" class=\"attachment-large size-large wp-image-36840\" alt=\"\" srcset=\"https:\/\/cliniqueomicron.ca\/wp-content\/uploads\/2026\/07\/53-1024x576.jpg 1024w, https:\/\/cliniqueomicron.ca\/wp-content\/uploads\/2026\/07\/53-300x169.jpg 300w, https:\/\/cliniqueomicron.ca\/wp-content\/uploads\/2026\/07\/53-768x432.jpg 768w, https:\/\/cliniqueomicron.ca\/wp-content\/uploads\/2026\/07\/53-1536x864.jpg 1536w, https:\/\/cliniqueomicron.ca\/wp-content\/uploads\/2026\/07\/53-2048x1152.jpg 2048w, https:\/\/cliniqueomicron.ca\/wp-content\/uploads\/2026\/07\/53-18x10.jpg 18w\" sizes=\"(max-width: 1024px) 100vw, 1024px\" \/>\t\t\t\t\t\t\t\t\t\t\t\t\t\t\t<\/div>\n\t\t\t\t<\/div>\n\t\t<div class=\"elementor-element elementor-element-6910de0 e-con-full e-flex e-con e-child\" data-id=\"6910de0\" data-element_type=\"container\" data-e-type=\"container\" data-settings=\"{&quot;ekit_has_onepagescroll_dot&quot;:&quot;yes&quot;}\">\n\t\t<div class=\"elementor-element elementor-element-46af339 e-con-full e-flex e-con e-child\" data-id=\"46af339\" data-element_type=\"container\" data-e-type=\"container\" data-settings=\"{&quot;ekit_has_onepagescroll_dot&quot;:&quot;yes&quot;}\">\n\t\t\t\t<div class=\"elementor-element elementor-element-28bd036 elementor-widget elementor-widget-heading\" data-id=\"28bd036\" data-element_type=\"widget\" data-e-type=\"widget\" data-settings=\"{&quot;ekit_we_effect_on&quot;:&quot;none&quot;}\" data-widget_type=\"heading.default\">\n\t\t\t\t<div class=\"elementor-widget-container\">\n\t\t\t\t\t<h4 class=\"elementor-heading-title elementor-size-default\">Sant\u00e9 des reins : comprendre et prot\u00e9ger sa fonction r\u00e9nale<\/h4>\t\t\t\t<\/div>\n\t\t\t\t<\/div>\n\t\t\t\t<div class=\"elementor-element elementor-element-03c04f4 elementor-widget elementor-widget-text-editor\" data-id=\"03c04f4\" data-element_type=\"widget\" data-e-type=\"widget\" data-settings=\"{&quot;ekit_we_effect_on&quot;:&quot;none&quot;}\" data-widget_type=\"text-editor.default\">\n\t\t\t\t<div class=\"elementor-widget-container\">\n\t\t\t\t\t\t\t\t\t<p>On y pense rarement, pourtant nos reins filtrent le sang jour et nuit, sans bruit. Prendre soin de la sant\u00e9 des reins, c&#8217;est prot\u00e9ger deux organes qui \u00e9liminent\t\t\t\t\t\t\t\t<\/div>\n\t\t\t\t<\/div>\n\t\t\t\t<\/div>\n\t\t<div class=\"elementor-element elementor-element-6364c0c e-con-full e-flex e-con e-child\" data-id=\"6364c0c\" data-element_type=\"container\" data-e-type=\"container\" data-settings=\"{&quot;ekit_has_onepagescroll_dot&quot;:&quot;yes&quot;}\">\n\t\t\t\t<div class=\"elementor-element elementor-element-c403222 elementor-widget elementor-widget-text-editor\" data-id=\"c403222\" data-element_type=\"widget\" data-e-type=\"widget\" data-settings=\"{&quot;ekit_we_effect_on&quot;:&quot;none&quot;}\" data-widget_type=\"text-editor.default\">\n\t\t\t\t<div class=\"elementor-widget-container\">\n\t\t\t\t\t\t\t\t\t<p>Lire la suite<\/p>\t\t\t\t\t\t\t\t<\/div>\n\t\t\t\t<\/div>\n\t\t\t\t<div class=\"elementor-element elementor-element-92cc411 elementor-view-default elementor-widget elementor-widget-icon\" data-id=\"92cc411\" data-element_type=\"widget\" data-e-type=\"widget\" data-settings=\"{&quot;ekit_we_effect_on&quot;:&quot;none&quot;}\" data-widget_type=\"icon.default\">\n\t\t\t\t<div class=\"elementor-widget-container\">\n\t\t\t\t\t\t\t<div class=\"elementor-icon-wrapper\">\n\t\t\t<div class=\"elementor-icon\">\n\t\t\t<i aria-hidden=\"true\" class=\"icon icon-right-arrow\"><\/i>\t\t\t<\/div>\n\t\t<\/div>\n\t\t\t\t\t\t<\/div>\n\t\t\t\t<\/div>\n\t\t\t\t<\/div>\n\t\t\t\t<\/div>\n\t\t\t\t\t<\/div>\n\t\t\t\t<\/a>\n\t\t\t\t<\/div>\n\t\t\t\t<div data-elementor-type=\"loop-item\" data-elementor-id=\"21734\" class=\"elementor elementor-21734 e-loop-item e-loop-item-36681 post-36681 post type-post status-publish format-standard has-post-thumbnail hentry category-communaute-clinique-omicron category-engagement-communautaire category-faq-mythes-sante category-depistage-bilan-sante tag-calcium-et-vitamine-d tag-densite-osseuse tag-depistage-osteoporose tag-osteodensitometrie tag-osteoporose tag-prevention-des-fractures tag-sante-des-os\" data-elementor-post-type=\"elementor_library\" data-custom-edit-handle=\"1\">\n\t\t\t<a class=\"elementor-element elementor-element-7227777 e-flex e-con-boxed e-con e-parent\" data-id=\"7227777\" data-element_type=\"container\" data-e-type=\"container\" data-settings=\"{&quot;background_background&quot;:&quot;classic&quot;,&quot;ekit_has_onepagescroll_dot&quot;:&quot;yes&quot;}\" href=\"https:\/\/cliniqueomicron.ca\/en\/blogue-osteoporose-depistage-densite-osseuse-quebec\/\">\n\t\t\t\t\t<div class=\"e-con-inner\">\n\t\t\t\t<div class=\"elementor-element elementor-element-58c4ac1 elementor-widget__width-initial elementor-widget elementor-widget-image\" data-id=\"58c4ac1\" data-element_type=\"widget\" data-e-type=\"widget\" data-settings=\"{&quot;ekit_we_effect_on&quot;:&quot;none&quot;}\" data-widget_type=\"image.default\">\n\t\t\t\t<div class=\"elementor-widget-container\">\n\t\t\t\t\t\t\t\t\t\t\t\t\t\t\t<img loading=\"lazy\" decoding=\"async\" width=\"1024\" height=\"576\" src=\"https:\/\/cliniqueomicron.ca\/wp-content\/uploads\/2026\/07\/51-1024x576.webp\" class=\"attachment-large size-large wp-image-36838\" alt=\"\" srcset=\"https:\/\/cliniqueomicron.ca\/wp-content\/uploads\/2026\/07\/51-1024x576.webp 1024w, https:\/\/cliniqueomicron.ca\/wp-content\/uploads\/2026\/07\/51-300x169.webp 300w, https:\/\/cliniqueomicron.ca\/wp-content\/uploads\/2026\/07\/51-768x432.webp 768w, https:\/\/cliniqueomicron.ca\/wp-content\/uploads\/2026\/07\/51-1536x864.webp 1536w, https:\/\/cliniqueomicron.ca\/wp-content\/uploads\/2026\/07\/51-scaled.webp 1920w, https:\/\/cliniqueomicron.ca\/wp-content\/uploads\/2026\/07\/51-18x10.webp 18w\" sizes=\"(max-width: 1024px) 100vw, 1024px\" \/>\t\t\t\t\t\t\t\t\t\t\t\t\t\t\t<\/div>\n\t\t\t\t<\/div>\n\t\t<div class=\"elementor-element elementor-element-6910de0 e-con-full e-flex e-con e-child\" data-id=\"6910de0\" data-element_type=\"container\" data-e-type=\"container\" data-settings=\"{&quot;ekit_has_onepagescroll_dot&quot;:&quot;yes&quot;}\">\n\t\t<div class=\"elementor-element elementor-element-46af339 e-con-full e-flex e-con e-child\" data-id=\"46af339\" data-element_type=\"container\" data-e-type=\"container\" data-settings=\"{&quot;ekit_has_onepagescroll_dot&quot;:&quot;yes&quot;}\">\n\t\t\t\t<div class=\"elementor-element elementor-element-28bd036 elementor-widget elementor-widget-heading\" data-id=\"28bd036\" data-element_type=\"widget\" data-e-type=\"widget\" data-settings=\"{&quot;ekit_we_effect_on&quot;:&quot;none&quot;}\" data-widget_type=\"heading.default\">\n\t\t\t\t<div class=\"elementor-widget-container\">\n\t\t\t\t\t<h4 class=\"elementor-heading-title elementor-size-default\">Ost\u00e9oporose : quand penser \u00e0 un d\u00e9pistage de la densit\u00e9 osseuse<\/h4>\t\t\t\t<\/div>\n\t\t\t\t<\/div>\n\t\t\t\t<div class=\"elementor-element elementor-element-03c04f4 elementor-widget elementor-widget-text-editor\" data-id=\"03c04f4\" data-element_type=\"widget\" data-e-type=\"widget\" data-settings=\"{&quot;ekit_we_effect_on&quot;:&quot;none&quot;}\" data-widget_type=\"text-editor.default\">\n\t\t\t\t<div class=\"elementor-widget-container\">\n\t\t\t\t\t\t\t\t\t<p>On la surnomme la maladie silencieuse, parce qu&#8217;elle progresse souvent sans douleur, jusqu&#8217;\u00e0 une premi\u00e8re fracture. Le d\u00e9pistage de l&#8217;ost\u00e9oporose vise \u00e0 rep\u00e9rer une perte de densit\u00e9 osseuse\t\t\t\t\t\t\t\t<\/div>\n\t\t\t\t<\/div>\n\t\t\t\t<\/div>\n\t\t<div class=\"elementor-element elementor-element-6364c0c e-con-full e-flex e-con e-child\" data-id=\"6364c0c\" data-element_type=\"container\" data-e-type=\"container\" data-settings=\"{&quot;ekit_has_onepagescroll_dot&quot;:&quot;yes&quot;}\">\n\t\t\t\t<div class=\"elementor-element elementor-element-c403222 elementor-widget elementor-widget-text-editor\" data-id=\"c403222\" data-element_type=\"widget\" data-e-type=\"widget\" data-settings=\"{&quot;ekit_we_effect_on&quot;:&quot;none&quot;}\" data-widget_type=\"text-editor.default\">\n\t\t\t\t<div class=\"elementor-widget-container\">\n\t\t\t\t\t\t\t\t\t<p>Lire la suite<\/p>\t\t\t\t\t\t\t\t<\/div>\n\t\t\t\t<\/div>\n\t\t\t\t<div class=\"elementor-element elementor-element-92cc411 elementor-view-default elementor-widget elementor-widget-icon\" data-id=\"92cc411\" data-element_type=\"widget\" data-e-type=\"widget\" data-settings=\"{&quot;ekit_we_effect_on&quot;:&quot;none&quot;}\" data-widget_type=\"icon.default\">\n\t\t\t\t<div class=\"elementor-widget-container\">\n\t\t\t\t\t\t\t<div class=\"elementor-icon-wrapper\">\n\t\t\t<div class=\"elementor-icon\">\n\t\t\t<i aria-hidden=\"true\" class=\"icon icon-right-arrow\"><\/i>\t\t\t<\/div>\n\t\t<\/div>\n\t\t\t\t\t\t<\/div>\n\t\t\t\t<\/div>\n\t\t\t\t<\/div>\n\t\t\t\t<\/div>\n\t\t\t\t\t<\/div>\n\t\t\t\t<\/a>\n\t\t\t\t<\/div>\n\t\t\t\t<\/div>\n\t\t\n\t\t\t\t<div class=\"e-load-more-anchor\" data-page=\"1\" data-max-page=\"5\" data-next-page=\"https:\/\/cliniqueomicron.ca\/en\/wp-json\/wp\/v2\/pages\/35870\/page\/2\/\"><\/div>\n\t\t\t\t<nav class=\"elementor-pagination\" aria-label=\"Pagination\">\n\t\t\t<span class=\"page-numbers prev\">Pr\u00e9c\u00e9dent<\/span>\n<span aria-current=\"page\" class=\"page-numbers current\"><span class=\"elementor-screen-only\">Page<\/span>1<\/span>\n<a class=\"page-numbers\" href=\"https:\/\/cliniqueomicron.ca\/en\/wp-json\/wp\/v2\/pages\/35870\/page\/2\/\"><span class=\"elementor-screen-only\">Page<\/span>2<\/a>\n<a class=\"page-numbers\" href=\"https:\/\/cliniqueomicron.ca\/en\/wp-json\/wp\/v2\/pages\/35870\/page\/3\/\"><span class=\"elementor-screen-only\">Page<\/span>3<\/a>\n<a class=\"page-numbers\" href=\"https:\/\/cliniqueomicron.ca\/en\/wp-json\/wp\/v2\/pages\/35870\/page\/4\/\"><span class=\"elementor-screen-only\">Page<\/span>4<\/a>\n<a class=\"page-numbers\" href=\"https:\/\/cliniqueomicron.ca\/en\/wp-json\/wp\/v2\/pages\/35870\/page\/5\/\"><span class=\"elementor-screen-only\">Page<\/span>5<\/a>\n<a class=\"page-numbers next\" href=\"https:\/\/cliniqueomicron.ca\/en\/wp-json\/wp\/v2\/pages\/35870\/page\/2\/\">Suivant<\/a>\t\t<\/nav>\n\t\t\t\t\t\t<\/div>\n\t\t\t\t<\/div>\n\t\t\t\t<\/div>\n\t\t\t\t\t<\/div>\n\t\t\t\t<\/div>\n\t\t<div class=\"elementor-element elementor-element-105bac9 e-flex e-con-boxed e-con e-parent\" data-id=\"105bac9\" data-element_type=\"container\" data-e-type=\"container\" data-settings=\"{&quot;ekit_has_onepagescroll_dot&quot;:&quot;yes&quot;}\">\n\t\t\t\t\t<div class=\"e-con-inner\">\n\t\t\t\t<div class=\"elementor-element elementor-element-6e81ec4 elementor-widget elementor-widget-html\" data-id=\"6e81ec4\" data-element_type=\"widget\" data-e-type=\"widget\" data-settings=\"{&quot;ekit_we_effect_on&quot;:&quot;none&quot;}\" data-widget_type=\"html.default\">\n\t\t\t\t<div class=\"elementor-widget-container\">\n\t\t\t\t\t<!-- BLOC 3 : INFOLETTRE \u2014 Formulaire universel v2 (2026-05-01) -->\r\n<!-- Inclure via : [wpcode id=\"XXXX\"] sur n'importe quelle page -->\r\n\r\n<div style=\"font-family:Poppins,sans-serif;max-width:1100px;margin:0 auto;padding:30px 20px;\">\r\n\r\n  <div style=\"text-align:center;margin-bottom:36px;\">\r\n    <h2 style=\"color:#323C52;font-size:24px;font-weight:700;margin:0 0 8px;\">Inscrivez-vous &agrave; notre infolettre sant&eacute;<\/h2>\r\n    <p style=\"color:#4D6577;font-size:14px;margin:0;\">Conseils pratiques et nouvelles de la Clinique Omicron.<\/p>\r\n  <\/div>\r\n\r\n  <div style=\"display:flex;flex-wrap:wrap;gap:30px;align-items:stretch;\">\r\n\r\n    <div style=\"flex:1;min-width:320px;background:#F4F5F7;border-radius:3px;padding:32px 28px;display:flex;flex-direction:column;justify-content:center;gap:24px;\">\r\n\r\n      <div style=\"display:flex;align-items:center;gap:16px;\">\r\n        <div style=\"min-width:44px;width:44px;height:44px;background:#323C52;border-radius:3px;display:flex;align-items:center;justify-content:center;\">\r\n          <svg width=\"22\" height=\"22\" viewBox=\"0 0 24 24\" fill=\"none\" stroke=\"white\" stroke-width=\"1.5\"><path d=\"M22 12h-4l-3 9L9 3l-3 9H2\"\/><\/svg>\r\n        <\/div>\r\n        <div>\r\n          <h4 style=\"color:#323C52;font-size:14px;margin:0 0 3px;font-weight:600;\">Conseils sant&eacute;<\/h4>\r\n          <p style=\"color:#4D6577;font-size:12px;margin:0;line-height:1.5;\">Articles r&eacute;dig&eacute;s par des professionnels de la sant&eacute;<\/p>\r\n        <\/div>\r\n      <\/div>\r\n\r\n      <div style=\"display:flex;align-items:center;gap:16px;\">\r\n        <div style=\"min-width:44px;width:44px;height:44px;background:#323C52;border-radius:3px;display:flex;align-items:center;justify-content:center;\">\r\n          <svg width=\"22\" height=\"22\" viewBox=\"0 0 24 24\" fill=\"none\" stroke=\"white\" stroke-width=\"1.5\"><rect x=\"3\" y=\"4\" width=\"18\" height=\"18\" rx=\"2\"\/><line x1=\"16\" y1=\"2\" x2=\"16\" y2=\"6\"\/><line x1=\"8\" y1=\"2\" x2=\"8\" y2=\"6\"\/><line x1=\"3\" y1=\"10\" x2=\"21\" y2=\"10\"\/><\/svg>\r\n        <\/div>\r\n        <div>\r\n          <h4 style=\"color:#323C52;font-size:14px;margin:0 0 3px;font-weight:600;\">Nouveaux services<\/h4>\r\n          <p style=\"color:#4D6577;font-size:12px;margin:0;line-height:1.5;\">Soyez les premiers inform&eacute;s de nos nouveaut&eacute;s<\/p>\r\n        <\/div>\r\n      <\/div>\r\n\r\n      <div style=\"display:flex;align-items:center;gap:16px;\">\r\n        <div style=\"min-width:44px;width:44px;height:44px;background:#323C52;border-radius:3px;display:flex;align-items:center;justify-content:center;\">\r\n          <svg width=\"22\" height=\"22\" viewBox=\"0 0 24 24\" fill=\"none\" stroke=\"white\" stroke-width=\"1.5\"><path d=\"M12 22s8-4 8-10V5l-8-3-8 3v7c0 6 8 10 8 10z\"\/><\/svg>\r\n        <\/div>\r\n        <div>\r\n          <h4 style=\"color:#323C52;font-size:14px;margin:0 0 3px;font-weight:600;\">Pr&eacute;vention<\/h4>\r\n          <p style=\"color:#4D6577;font-size:12px;margin:0;line-height:1.5;\">Astuces bien-&ecirc;tre et pr&eacute;vention au quotidien<\/p>\r\n        <\/div>\r\n      <\/div>\r\n\r\n      <div style=\"border-top:1px solid #E0E3E8;padding-top:16px;margin-top:6px;\">\r\n        <div style=\"display:flex;gap:20px;flex-wrap:wrap;\">\r\n          <span style=\"color:#4D6577;font-size:11px;\">\r\n            <svg width=\"10\" height=\"10\" viewBox=\"0 0 24 24\" fill=\"#4D6577\" style=\"vertical-align:middle;margin-right:3px;\"><path d=\"M12 2C9.24 2 7 4.24 7 7v3H6c-1.1 0-2 .9-2 2v8c0 1.1.9 2 2 2h12c1.1 0 2-.9 2-2v-8c0-1.1-.9-2-2-2h-1V7c0-2.76-2.24-5-5-5zm0 2c1.66 0 3 1.34 3 3v3H9V7c0-1.66 1.34-3 3-3z\"\/><\/svg>\r\n            Donn&eacute;es confidentielles<\/span>\r\n          <span style=\"color:#4D6577;font-size:11px;\">Gratuit<\/span>\r\n          <span style=\"color:#4D6577;font-size:11px;\">Aucun pourriel<\/span>\r\n        <\/div>\r\n      <\/div>\r\n    <\/div>\r\n\r\n    <div style=\"flex:1;min-width:360px;background:#F7F9FC;border-radius:3px;padding:32px 28px;\">\r\n      <form id=\"nl-page-form\">\r\n        <div style=\"display:flex;gap:14px;margin-bottom:14px;\">\r\n          <div style=\"flex:1;\">\r\n            <label style=\"display:block;color:#4D6577;font-size:12px;font-weight:500;margin-bottom:5px;\">Pr&eacute;nom<\/label>\r\n            <input type=\"text\" name=\"first_name\" placeholder=\"Jean\" autocomplete=\"given-name\" style=\"font-family:Poppins,sans-serif;width:100%;padding:12px 14px;border:1px solid #E0E3E8;border-radius:3px;font-size:14px;box-sizing:border-box;outline:none;color:#323C52;background:white;\" onfocus=\"this.style.borderColor='#323C52'\" onblur=\"this.style.borderColor='#E0E3E8'\">\r\n          <\/div>\r\n          <div style=\"flex:1;\">\r\n            <label style=\"display:block;color:#4D6577;font-size:12px;font-weight:500;margin-bottom:5px;\">Nom<\/label>\r\n            <input type=\"text\" name=\"last_name\" placeholder=\"Tremblay\" autocomplete=\"family-name\" style=\"font-family:Poppins,sans-serif;width:100%;padding:12px 14px;border:1px solid #E0E3E8;border-radius:3px;font-size:14px;box-sizing:border-box;outline:none;color:#323C52;background:white;\" onfocus=\"this.style.borderColor='#323C52'\" onblur=\"this.style.borderColor='#E0E3E8'\">\r\n          <\/div>\r\n        <\/div>\r\n\r\n        <div style=\"margin-bottom:14px;\">\r\n          <label style=\"display:block;color:#4D6577;font-size:12px;font-weight:500;margin-bottom:5px;\">Adresse courriel *<\/label>\r\n          <input type=\"email\" name=\"email\" placeholder=\"jean.tremblay@exemple.com\" required autocomplete=\"email\" style=\"font-family:Poppins,sans-serif;width:100%;padding:12px 14px;border:1px solid #E0E3E8;border-radius:3px;font-size:14px;box-sizing:border-box;outline:none;color:#323C52;background:white;\" onfocus=\"this.style.borderColor='#323C52'\" onblur=\"this.style.borderColor='#E0E3E8'\">\r\n        <\/div>\r\n\r\n        <label style=\"display:flex;align-items:flex-start;gap:10px;margin-bottom:20px;cursor:pointer;padding:12px 14px;background:#F4F5F7;border-radius:3px;\">\r\n          <input type=\"checkbox\" name=\"consent_pg\" required style=\"margin-top:2px;accent-color:#323C52;min-width:16px;min-height:16px;\">\r\n          <span style=\"color:#4D6577;font-size:12px;line-height:1.5;\">J&rsquo;accepte de recevoir l&rsquo;infolettre sant&eacute; de la Clinique Omicron. D&eacute;sinscription possible en tout temps.<\/span>\r\n        <\/label>\r\n\r\n        <button type=\"submit\" id=\"nl-page-btn\" style=\"font-family:Poppins,sans-serif;width:100%;padding:14px;background:#323C52;color:white;border:none;border-radius:3px;font-size:14px;font-weight:500;cursor:pointer;\" onmouseover=\"this.style.background='#4D6577'\" onmouseout=\"this.style.background='#323C52'\">Recevoir l&rsquo;infolettre<\/button>\r\n      <\/form>\r\n\r\n      <div id=\"nl-page-msg\" role=\"status\" aria-live=\"polite\" style=\"display:none;margin-top:14px;padding:12px 16px;background:#E8F5E9;border-radius:3px;text-align:center;\">\r\n        <p id=\"nl-page-msg-txt\" style=\"color:#2E7D32;font-size:14px;font-weight:500;margin:0 0 3px;\"><\/p>\r\n        <p id=\"nl-page-msg-sub\" style=\"color:#4D6577;font-size:12px;margin:0;display:none;\"><\/p>\r\n      <\/div>\r\n\r\n      <p style=\"text-align:center;margin:14px 0 0;\"><a href=\"\/politique-de-confidentialite\/\" style=\"color:#4D6577;font-size:11px;text-decoration:underline;\">Politique de confidentialit&eacute;<\/a><\/p>\r\n    <\/div>\r\n  <\/div>\r\n<\/div>\r\n\r\n<script>\r\n(function(){\r\n  var f = document.getElementById('nl-page-form');\r\n  if (!f || f.dataset.nlBound === '1') return;\r\n  f.dataset.nlBound = '1';\r\n  var m = document.getElementById('nl-page-msg');\r\n  var t = document.getElementById('nl-page-msg-txt');\r\n  var s = document.getElementById('nl-page-msg-sub');\r\n  var b = document.getElementById('nl-page-btn');\r\n\r\n  var ENDPOINT = 'https:\/\/infolettre.cliniqueomicron.ca\/api\/subscribe';\r\n\r\n  function showSuccess(title, subtitle) {\r\n    m.style.display = 'block';\r\n    m.style.background = '#E8F5E9';\r\n    t.textContent = title;\r\n    t.style.color = '#2E7D32';\r\n    if (subtitle) { s.textContent = subtitle; s.style.display = 'block'; }\r\n    else { s.textContent = ''; s.style.display = 'none'; }\r\n  }\r\n\r\n  function showError(title, subtitle) {\r\n    m.style.display = 'block';\r\n    m.style.background = '#FDEDEC';\r\n    t.textContent = title;\r\n    t.style.color = '#C0392B';\r\n    if (subtitle) { s.textContent = subtitle; s.style.display = 'block'; }\r\n    else { s.textContent = ''; s.style.display = 'none'; }\r\n  }\r\n\r\n  f.addEventListener('submit', function(e) {\r\n    e.preventDefault();\r\n    var em = f.querySelector('[name=\"email\"]').value.trim();\r\n    var fn = f.querySelector('[name=\"first_name\"]').value.trim();\r\n    var ln = f.querySelector('[name=\"last_name\"]').value.trim();\r\n    if (!em || !f.querySelector('[name=\"consent_pg\"]').checked) return;\r\n\r\n    b.disabled = true;\r\n    b.textContent = 'Inscription en cours...';\r\n    b.style.opacity = '0.6';\r\n\r\n    var pageSource = (location.pathname || 'page').replace(\/^\\\/|\\\/$\/g, '').replace(\/\\\/\/g, '-') || 'home';\r\n\r\n    fetch(ENDPOINT, {\r\n      method: 'POST',\r\n      headers: { 'Content-Type': 'application\/json' },\r\n      body: JSON.stringify({ email: em, first_name: fn, last_name: ln, source: 'page-' + pageSource })\r\n    })\r\n    .then(function(r) {\r\n      if (!r.ok) throw new Error('http_' + r.status);\r\n      return r.json();\r\n    })\r\n    .then(function(d) {\r\n      if (!d || d.success !== true) {\r\n        throw new Error('api_' + (d && d.error ? d.error : 'unknown'));\r\n      }\r\n      if (d.message === 'confirmation_sent') {\r\n        showSuccess('Merci! V\u00e9rifiez votre bo\u00eete de r\u00e9ception.', 'Un courriel de confirmation vient de vous \u00eatre envoy\u00e9.');\r\n      } else if (d.message === 'already_subscribed') {\r\n        showSuccess('Vous \u00eates d\u00e9j\u00e0 inscrit. Merci!', '');\r\n      } else {\r\n        showSuccess('Merci! Votre inscription est confirm\u00e9e.', '');\r\n      }\r\n      f.style.display = 'none';\r\n\r\n      try {\r\n        if (typeof fbq === 'function') {\r\n          fbq('track', 'Subscribe', { value: 0, currency: 'CAD' });\r\n        }\r\n      } catch (e) { \/* fail silently *\/ }\r\n    })\r\n    .catch(function() {\r\n      showError('Erreur. Veuillez r\u00e9essayer.', 'Si le probl\u00e8me persiste, contactez-nous au 514 606-3350.');\r\n      b.disabled = false;\r\n      b.textContent = \"Recevoir l\u2019infolettre\";\r\n      b.style.opacity = '1';\r\n    });\r\n  });\r\n})();\r\n<\/script>\r\n\t\t\t\t<\/div>\n\t\t\t\t<\/div>\n\t\t\t\t\t<\/div>\n\t\t\t\t<\/div>\n\t\t\t\t<\/div>\n\t\t","protected":false},"excerpt":{"rendered":"<p>Engagement communautaire Initiatives, partenariats et activit\u00e9s de sensibilisation men\u00e9s par le r\u00e9seau Clinique Omicron aupr\u00e8s des communaut\u00e9s du Qu\u00e9bec. Toutes les r\u00e9alisations Conf\u00e9rences sant\u00e9 Partenariats Sensibilisation Pr\u00e9vention Activit\u00e9s \u00e9tudiantes<\/p>","protected":false},"author":1,"featured_media":0,"parent":0,"menu_order":0,"comment_status":"closed","ping_status":"closed","template":"page-templates\/template-pagebuilder-full-width.php","meta":{"om_disable_all_campaigns":false,"neve_meta_sidebar":"","neve_meta_container":"","neve_meta_enable_content_width":"off","neve_meta_content_width":100,"neve_meta_title_alignment":"","neve_meta_author_avatar":"","neve_post_elements_order":"","neve_meta_disable_header":"","neve_meta_disable_footer":"","neve_meta_disable_title":"","_themeisle_gutenberg_block_has_review":false,"_metasync_otto_title":"","_metasync_otto_description":"","_metasync_otto_keywords":"","_metasync_otto_og_title":"","_metasync_otto_og_description":"","_metasync_otto_twitter_title":"","_metasync_otto_twitter_description":"","rank_math_title":"","rank_math_description":"","_yoast_wpseo_title":"","_yoast_wpseo_metadesc":"","_aioseo_title":null,"_aioseo_description":"D\u00e9couvrez l'engagement communautaire de Clinique Omicron au Qu\u00e9bec \u2014 soins accessibles, services RAMQ et priv\u00e9s dans nos points de service au Qu\u00e9bec.","_metasync_seo_title":"","_metasync_seo_desc":"","_metasync_breadcrumb_title":"","_metasync_primary_category":0,"_metasync_primary_product_cat":0,"_metasync_otto_disabled":"","_metasync_hreflang":"","_metasync_plugin_sync_ts":"{\"aioseo\":\"2026-06-13T14:37:14+00:00\"}","_metasync_robots_advanced":"","footnotes":""},"class_list":["post-35870","page","type-page","status-publish","hentry"],"aioseo_notices":[],"aioseo_head":"\n\t\t<!-- All in One SEO Pro 5.0.1.1 - aioseo.com -->\n\t<meta name=\"description\" content=\"On la surnomme la maladie silencieuse, parce qu&#039;elle progresse souvent sans douleur, jusqu&#039;\u00e0 une premi\u00e8re fracture. Le d\u00e9pistage de l&#039;ost\u00e9oporose vise \u00e0 rep\u00e9rer une perte de densit\u00e9 osseuse avant qu&#039;elle ne cause une cassure, surtout apr\u00e8s un certain \u00e2ge ou en pr\u00e9sence de facteurs de risque. Ce guide explique, sans jargon, ce qu&#039;est l&#039;ost\u00e9oporose, qui\" \/>\n\t<meta name=\"robots\" content=\"max-snippet:-1, max-image-preview:large, max-video-preview:-1\" \/>\n\t<meta name=\"google-site-verification\" content=\"yYDMZv-nme7Cg-KrW5GmEWceBTrCDv8zhSkkXdJSnyM\" \/>\n\t<meta name=\"msvalidate.01\" content=\"3225E6935FC4F40C7DDCE56C37141BA8\" \/>\n\t<link rel=\"canonical\" href=\"https:\/\/cliniqueomicron.ca\/en\/blogue-osteoporose-depistage-densite-osseuse-quebec\/\" \/>\n\t<meta name=\"generator\" content=\"All in One SEO Pro (AIOSEO) 5.0.1.1\" \/>\n\t\t<meta property=\"og:locale\" content=\"en_US\" \/>\n\t\t<meta property=\"og:site_name\" content=\"Clinique Omicron - Clinique M\u00e9dicale\" \/>\n\t\t<meta property=\"og:type\" content=\"article\" \/>\n\t\t<meta property=\"og:title\" content=\"Ost\u00e9oporose : quand penser \u00e0 un d\u00e9pistage de la densit\u00e9 osseuse\" \/>\n\t\t<meta property=\"og:description\" content=\"On la surnomme la maladie silencieuse, parce qu&#039;elle progresse souvent sans douleur, jusqu&#039;\u00e0 une premi\u00e8re fracture. Le d\u00e9pistage de l&#039;ost\u00e9oporose vise \u00e0 rep\u00e9rer une perte de densit\u00e9 osseuse avant qu&#039;elle...\" \/>\n\t\t<meta property=\"og:url\" content=\"https:\/\/cliniqueomicron.ca\/en\/blogue-osteoporose-depistage-densite-osseuse-quebec\/\" \/>\n\t\t<meta property=\"og:image\" content=\"https:\/\/cliniqueomicron.ca\/wp-content\/uploads\/2026\/07\/51-scaled.webp\" \/>\n\t\t<meta property=\"og:image:secure_url\" content=\"https:\/\/cliniqueomicron.ca\/wp-content\/uploads\/2026\/07\/51-scaled.webp\" \/>\n\t\t<meta property=\"article:published_time\" content=\"2026-08-11T16:57:39+00:00\" \/>\n\t\t<meta property=\"article:modified_time\" content=\"2026-07-12T17:20:00+00:00\" \/>\n\t\t<meta property=\"article:publisher\" content=\"https:\/\/www.facebook.com\/cliniqueomicron\" \/>\n\t\t<meta name=\"twitter:card\" content=\"summary_large_image\" \/>\n\t\t<meta name=\"twitter:site\" content=\"@CliniqueOmicron\" \/>\n\t\t<meta name=\"twitter:title\" content=\"Ost\u00e9oporose : quand penser \u00e0 un d\u00e9pistage de la densit\u00e9 osseuse\" \/>\n\t\t<meta name=\"twitter:description\" content=\"On la surnomme la maladie silencieuse, parce qu&#039;elle progresse souvent sans douleur, jusqu&#039;\u00e0 une premi\u00e8re fracture. Le d\u00e9pistage de l&#039;ost\u00e9oporose vise \u00e0 rep\u00e9rer une perte de densit\u00e9 osseuse avant qu&#039;elle...\" \/>\n\t\t<meta name=\"twitter:creator\" content=\"@CliniqueOmicron\" \/>\n\t\t<meta name=\"twitter:image\" content=\"https:\/\/cliniqueomicron.ca\/wp-content\/uploads\/2026\/07\/51-scaled.webp\" \/>\n\t\t<script type=\"application\/ld+json\" class=\"aioseo-schema\">\n\t\t\t{\"@context\":\"https:\\\/\\\/schema.org\",\"@graph\":[{\"@type\":\"BlogPosting\",\"@id\":\"https:\\\/\\\/cliniqueomicron.ca\\\/en\\\/blogue-osteoporose-depistage-densite-osseuse-quebec\\\/#blogposting\",\"name\":\"Ost\\u00e9oporose : quand penser \\u00e0 un d\\u00e9pistage de la densit\\u00e9 osseuse - Clinique Omicron\",\"headline\":\"Ost\\u00e9oporose : quand penser \\u00e0 un d\\u00e9pistage de la densit\\u00e9 osseuse\",\"author\":{\"@id\":\"https:\\\/\\\/cliniqueomicron.ca\\\/en\\\/author\\\/genevieve-dostie\\\/#author\"},\"publisher\":{\"@id\":\"https:\\\/\\\/cliniqueomicron.ca\\\/en\\\/#organization\"},\"image\":{\"@type\":\"ImageObject\",\"url\":\"https:\\\/\\\/cliniqueomicron.ca\\\/wp-content\\\/uploads\\\/2026\\\/07\\\/51-scaled.webp\",\"width\":1920,\"height\":1080},\"datePublished\":\"2026-08-11T12:57:39-04:00\",\"dateModified\":\"2026-07-12T13:20:00-04:00\",\"inLanguage\":\"en-CA\",\"mainEntityOfPage\":{\"@id\":\"https:\\\/\\\/cliniqueomicron.ca\\\/en\\\/blogue-osteoporose-depistage-densite-osseuse-quebec\\\/#webpage\"},\"isPartOf\":{\"@id\":\"https:\\\/\\\/cliniqueomicron.ca\\\/en\\\/blogue-osteoporose-depistage-densite-osseuse-quebec\\\/#webpage\"},\"articleSection\":\"Communaut\\u00e9 Clinique Omicron, Engagement communautaire, FAQs patient &amp; mythes sant\\u00e9, Tests, d\\u00e9pistage &amp; bilans de sant\\u00e9, calcium et vitamine D, densit\\u00e9 osseuse, d\\u00e9pistage ost\\u00e9oporose, ost\\u00e9odensitom\\u00e9trie, ost\\u00e9oporose, pr\\u00e9vention des fractures, sant\\u00e9 des os\"},{\"@type\":\"BreadcrumbList\",\"@id\":\"https:\\\/\\\/cliniqueomicron.ca\\\/en\\\/blogue-osteoporose-depistage-densite-osseuse-quebec\\\/#breadcrumblist\",\"itemListElement\":[{\"@type\":\"ListItem\",\"@id\":\"https:\\\/\\\/cliniqueomicron.ca\\\/en#listItem\",\"position\":1,\"name\":\"Accueil\",\"item\":\"https:\\\/\\\/cliniqueomicron.ca\\\/en\",\"nextItem\":{\"@type\":\"ListItem\",\"@id\":\"https:\\\/\\\/cliniqueomicron.ca\\\/en\\\/engagement-communautaire\\\/#listItem\",\"name\":\"Engagement communautaire au Qu\\u00e9bec | Clinique Omicron\"}},{\"@type\":\"ListItem\",\"@id\":\"https:\\\/\\\/cliniqueomicron.ca\\\/en\\\/engagement-communautaire\\\/#listItem\",\"position\":2,\"name\":\"Engagement communautaire au Qu\\u00e9bec | Clinique Omicron\",\"previousItem\":{\"@type\":\"ListItem\",\"@id\":\"https:\\\/\\\/cliniqueomicron.ca\\\/en#listItem\",\"name\":\"Accueil\"}}]},{\"@type\":\"Person\",\"@id\":\"https:\\\/\\\/cliniqueomicron.ca\\\/en\\\/author\\\/genevieve-dostie\\\/#author\",\"url\":\"https:\\\/\\\/cliniqueomicron.ca\\\/en\\\/author\\\/genevieve-dostie\\\/\",\"name\":\"Genevi\\u00e8ve Dostie\",\"image\":{\"@type\":\"ImageObject\",\"@id\":\"https:\\\/\\\/cliniqueomicron.ca\\\/en\\\/blogue-osteoporose-depistage-densite-osseuse-quebec\\\/#authorImage\",\"url\":\"https:\\\/\\\/secure.gravatar.com\\\/avatar\\\/44b79b58d2318c1144ca1ee03f088070daafb21cd70d44772f74d8280b5047d2?s=96&d=mm&r=g\",\"width\":96,\"height\":96,\"caption\":\"Genevi\\u00e8ve Dostie\"}},{\"@type\":\"WebPage\",\"@id\":\"https:\\\/\\\/cliniqueomicron.ca\\\/en\\\/blogue-osteoporose-depistage-densite-osseuse-quebec\\\/#webpage\",\"url\":\"https:\\\/\\\/cliniqueomicron.ca\\\/en\\\/blogue-osteoporose-depistage-densite-osseuse-quebec\\\/\",\"name\":\"Ost\\u00e9oporose : quand penser \\u00e0 un d\\u00e9pistage de la densit\\u00e9 osseuse - Clinique Omicron\",\"description\":\"On la surnomme la maladie silencieuse, parce qu'elle progresse souvent sans douleur, jusqu'\\u00e0 une premi\\u00e8re fracture. Le d\\u00e9pistage de l'ost\\u00e9oporose vise \\u00e0 rep\\u00e9rer une perte de densit\\u00e9 osseuse avant qu'elle ne cause une cassure, surtout apr\\u00e8s un certain \\u00e2ge ou en pr\\u00e9sence de facteurs de risque. Ce guide explique, sans jargon, ce qu'est l'ost\\u00e9oporose, qui\",\"inLanguage\":\"en-CA\",\"isPartOf\":{\"@id\":\"https:\\\/\\\/cliniqueomicron.ca\\\/en\\\/#website\"},\"breadcrumb\":{\"@id\":\"https:\\\/\\\/cliniqueomicron.ca\\\/en\\\/blogue-osteoporose-depistage-densite-osseuse-quebec\\\/#breadcrumblist\"},\"author\":{\"@id\":\"https:\\\/\\\/cliniqueomicron.ca\\\/en\\\/author\\\/genevieve-dostie\\\/#author\"},\"creator\":{\"@id\":\"https:\\\/\\\/cliniqueomicron.ca\\\/en\\\/author\\\/genevieve-dostie\\\/#author\"},\"image\":{\"@type\":\"ImageObject\",\"url\":\"https:\\\/\\\/cliniqueomicron.ca\\\/wp-content\\\/uploads\\\/2026\\\/07\\\/51-scaled.webp\",\"@id\":\"https:\\\/\\\/cliniqueomicron.ca\\\/en\\\/blogue-osteoporose-depistage-densite-osseuse-quebec\\\/#mainImage\",\"width\":1920,\"height\":1080},\"primaryImageOfPage\":{\"@id\":\"https:\\\/\\\/cliniqueomicron.ca\\\/en\\\/blogue-osteoporose-depistage-densite-osseuse-quebec\\\/#mainImage\"},\"datePublished\":\"2026-08-11T12:57:39-04:00\",\"dateModified\":\"2026-07-12T13:20:00-04:00\"},{\"@type\":\"WebSite\",\"@id\":\"https:\\\/\\\/cliniqueomicron.ca\\\/en\\\/#website\",\"url\":\"https:\\\/\\\/cliniqueomicron.ca\\\/en\\\/\",\"name\":\"Clinique Omicron\",\"description\":\"Clinique M\\u00e9dicale\",\"inLanguage\":\"en-CA\",\"publisher\":{\"@id\":\"https:\\\/\\\/cliniqueomicron.ca\\\/en\\\/#organization\"}}]}\n\t\t<\/script>\n\t\t<!-- All in One SEO Pro -->\r\n\t\t<title>Ost\u00e9oporose : quand penser \u00e0 un d\u00e9pistage de la densit\u00e9 osseuse - Clinique Omicron<\/title>\n\n","aioseo_head_json":{"title":"Ost\u00e9oporose : quand penser \u00e0 un d\u00e9pistage de la densit\u00e9 osseuse - Clinique Omicron","description":"On la surnomme la maladie silencieuse, parce qu'elle progresse souvent sans douleur, jusqu'\u00e0 une premi\u00e8re fracture. Le d\u00e9pistage de l'ost\u00e9oporose vise \u00e0 rep\u00e9rer une perte de densit\u00e9 osseuse avant qu'elle ne cause une cassure, surtout apr\u00e8s un certain \u00e2ge ou en pr\u00e9sence de facteurs de risque. Ce guide explique, sans jargon, ce qu'est l'ost\u00e9oporose, qui","canonical_url":"https:\/\/cliniqueomicron.ca\/en\/blogue-osteoporose-depistage-densite-osseuse-quebec\/","robots":"max-snippet:-1, max-image-preview:large, max-video-preview:-1","keywords":"","webmasterTools":{"google-site-verification":"yYDMZv-nme7Cg-KrW5GmEWceBTrCDv8zhSkkXdJSnyM","msvalidate.01":"3225E6935FC4F40C7DDCE56C37141BA8","miscellaneous":""},"schema":{"@context":"https:\/\/schema.org","@graph":[{"@type":"BlogPosting","@id":"https:\/\/cliniqueomicron.ca\/en\/blogue-osteoporose-depistage-densite-osseuse-quebec\/#blogposting","name":"Ost\u00e9oporose : quand penser \u00e0 un d\u00e9pistage de la densit\u00e9 osseuse - Clinique Omicron","headline":"Ost\u00e9oporose : quand penser \u00e0 un d\u00e9pistage de la densit\u00e9 osseuse","author":{"@id":"https:\/\/cliniqueomicron.ca\/en\/author\/genevieve-dostie\/#author"},"publisher":{"@id":"https:\/\/cliniqueomicron.ca\/en\/#organization"},"image":{"@type":"ImageObject","url":"https:\/\/cliniqueomicron.ca\/wp-content\/uploads\/2026\/07\/51-scaled.webp","width":1920,"height":1080},"datePublished":"2026-08-11T12:57:39-04:00","dateModified":"2026-07-12T13:20:00-04:00","inLanguage":"en-CA","mainEntityOfPage":{"@id":"https:\/\/cliniqueomicron.ca\/en\/blogue-osteoporose-depistage-densite-osseuse-quebec\/#webpage"},"isPartOf":{"@id":"https:\/\/cliniqueomicron.ca\/en\/blogue-osteoporose-depistage-densite-osseuse-quebec\/#webpage"},"articleSection":"Communaut\u00e9 Clinique Omicron, Engagement communautaire, FAQs patient &amp; mythes sant\u00e9, Tests, d\u00e9pistage &amp; bilans de sant\u00e9, calcium et vitamine D, densit\u00e9 osseuse, d\u00e9pistage ost\u00e9oporose, ost\u00e9odensitom\u00e9trie, ost\u00e9oporose, pr\u00e9vention des fractures, sant\u00e9 des os"},{"@type":"BreadcrumbList","@id":"https:\/\/cliniqueomicron.ca\/en\/blogue-osteoporose-depistage-densite-osseuse-quebec\/#breadcrumblist","itemListElement":[{"@type":"ListItem","@id":"https:\/\/cliniqueomicron.ca\/en#listItem","position":1,"name":"Accueil","item":"https:\/\/cliniqueomicron.ca\/en","nextItem":{"@type":"ListItem","@id":"https:\/\/cliniqueomicron.ca\/en\/engagement-communautaire\/#listItem","name":"Engagement communautaire au Qu\u00e9bec | Clinique Omicron"}},{"@type":"ListItem","@id":"https:\/\/cliniqueomicron.ca\/en\/engagement-communautaire\/#listItem","position":2,"name":"Engagement communautaire au Qu\u00e9bec | Clinique Omicron","previousItem":{"@type":"ListItem","@id":"https:\/\/cliniqueomicron.ca\/en#listItem","name":"Accueil"}}]},{"@type":"Person","@id":"https:\/\/cliniqueomicron.ca\/en\/author\/genevieve-dostie\/#author","url":"https:\/\/cliniqueomicron.ca\/en\/author\/genevieve-dostie\/","name":"Genevi\u00e8ve Dostie","image":{"@type":"ImageObject","@id":"https:\/\/cliniqueomicron.ca\/en\/blogue-osteoporose-depistage-densite-osseuse-quebec\/#authorImage","url":"https:\/\/secure.gravatar.com\/avatar\/44b79b58d2318c1144ca1ee03f088070daafb21cd70d44772f74d8280b5047d2?s=96&d=mm&r=g","width":96,"height":96,"caption":"Genevi\u00e8ve Dostie"}},{"@type":"WebPage","@id":"https:\/\/cliniqueomicron.ca\/en\/blogue-osteoporose-depistage-densite-osseuse-quebec\/#webpage","url":"https:\/\/cliniqueomicron.ca\/en\/blogue-osteoporose-depistage-densite-osseuse-quebec\/","name":"Ost\u00e9oporose : quand penser \u00e0 un d\u00e9pistage de la densit\u00e9 osseuse - Clinique Omicron","description":"On la surnomme la maladie silencieuse, parce qu'elle progresse souvent sans douleur, jusqu'\u00e0 une premi\u00e8re fracture. Le d\u00e9pistage de l'ost\u00e9oporose vise \u00e0 rep\u00e9rer une perte de densit\u00e9 osseuse avant qu'elle ne cause une cassure, surtout apr\u00e8s un certain \u00e2ge ou en pr\u00e9sence de facteurs de risque. Ce guide explique, sans jargon, ce qu'est l'ost\u00e9oporose, qui","inLanguage":"en-CA","isPartOf":{"@id":"https:\/\/cliniqueomicron.ca\/en\/#website"},"breadcrumb":{"@id":"https:\/\/cliniqueomicron.ca\/en\/blogue-osteoporose-depistage-densite-osseuse-quebec\/#breadcrumblist"},"author":{"@id":"https:\/\/cliniqueomicron.ca\/en\/author\/genevieve-dostie\/#author"},"creator":{"@id":"https:\/\/cliniqueomicron.ca\/en\/author\/genevieve-dostie\/#author"},"image":{"@type":"ImageObject","url":"https:\/\/cliniqueomicron.ca\/wp-content\/uploads\/2026\/07\/51-scaled.webp","@id":"https:\/\/cliniqueomicron.ca\/en\/blogue-osteoporose-depistage-densite-osseuse-quebec\/#mainImage","width":1920,"height":1080},"primaryImageOfPage":{"@id":"https:\/\/cliniqueomicron.ca\/en\/blogue-osteoporose-depistage-densite-osseuse-quebec\/#mainImage"},"datePublished":"2026-08-11T12:57:39-04:00","dateModified":"2026-07-12T13:20:00-04:00"},{"@type":"WebSite","@id":"https:\/\/cliniqueomicron.ca\/en\/#website","url":"https:\/\/cliniqueomicron.ca\/en\/","name":"Clinique Omicron","description":"Clinique M\u00e9dicale","inLanguage":"en-CA","publisher":{"@id":"https:\/\/cliniqueomicron.ca\/en\/#organization"}}]},"og:locale":"en_US","og:site_name":"Clinique Omicron - Clinique M\u00e9dicale","og:type":"article","og:title":"Ost\u00e9oporose : quand penser \u00e0 un d\u00e9pistage de la densit\u00e9 osseuse","og:description":"On la surnomme la maladie silencieuse, parce qu'elle progresse souvent sans douleur, jusqu'\u00e0 une premi\u00e8re fracture. Le d\u00e9pistage de l'ost\u00e9oporose vise \u00e0 rep\u00e9rer une perte de densit\u00e9 osseuse avant qu'elle...","og:url":"https:\/\/cliniqueomicron.ca\/en\/blogue-osteoporose-depistage-densite-osseuse-quebec\/","og:image":"https:\/\/cliniqueomicron.ca\/wp-content\/uploads\/2026\/07\/51-scaled.webp","og:image:secure_url":"https:\/\/cliniqueomicron.ca\/wp-content\/uploads\/2026\/07\/51-scaled.webp","article:published_time":"2026-08-11T16:57:39+00:00","article:modified_time":"2026-07-12T17:20:00+00:00","article:publisher":"https:\/\/www.facebook.com\/cliniqueomicron","twitter:card":"summary_large_image","twitter:site":"@CliniqueOmicron","twitter:title":"Ost\u00e9oporose : quand penser \u00e0 un d\u00e9pistage de la densit\u00e9 osseuse","twitter:description":"On la surnomme la maladie silencieuse, parce qu'elle progresse souvent sans douleur, jusqu'\u00e0 une premi\u00e8re fracture. Le d\u00e9pistage de l'ost\u00e9oporose vise \u00e0 rep\u00e9rer une perte de densit\u00e9 osseuse avant qu'elle...","twitter:creator":"@CliniqueOmicron","twitter:image":"https:\/\/cliniqueomicron.ca\/wp-content\/uploads\/2026\/07\/51-scaled.webp"},"aioseo_meta_data":{"post_id":"35870","title":null,"description":null,"keywords":null,"keyphrases":{"focus":{"keyphrase":"Engagement communautaire","score":100,"analysis":{"keyphraseInTitle":{"score":9,"maxScore":9,"error":0},"keyphraseInDescription":[],"keyphraseLength":{"score":9,"maxScore":9,"error":0,"length":2},"keyphraseInURL":{"score":5,"maxScore":5,"error":0}}},"additional":[{"keyphrase":"initiatives sant\u00e9 Qu\u00e9bec","score":100,"analysis":{"keyphraseInDescription":[],"keyphraseLength":{"score":9,"maxScore":9,"error":0,"length":4}}},{"keyphrase":"clinique communaut\u00e9","score":100,"analysis":{"keyphraseInDescription":[],"keyphraseLength":{"score":9,"maxScore":9,"error":0,"length":2}}},{"keyphrase":"sensibilisation sant\u00e9","score":100,"analysis":{"keyphraseInDescription":[],"keyphraseLength":{"score":9,"maxScore":9,"error":0,"length":2}}},{"keyphrase":"partenariats sant\u00e9 Qu\u00e9bec","score":100,"analysis":{"keyphraseInDescription":[],"keyphraseLength":{"score":9,"maxScore":9,"error":0,"length":4}}},{"keyphrase":"pr\u00e9vention communautaire","score":100,"analysis":{"keyphraseInDescription":[],"keyphraseLength":{"score":9,"maxScore":9,"error":0,"length":3}}}]},"primary_term":null,"canonical_url":null,"og_title":"Engagement communautaire au Qu\u00e9bec | Clinique Omicron","og_description":"D\u00e9couvrez les initiatives, partenariats et activit\u00e9s de sensibilisation en sant\u00e9 men\u00e9s par le r\u00e9seau Clinique Omicron aupr\u00e8s des communaut\u00e9s du Qu\u00e9bec.","og_object_type":"default","og_image_type":"default","og_image_url":null,"og_image_width":null,"og_image_height":null,"og_image_custom_url":null,"og_image_custom_fields":null,"og_video":"","og_custom_url":null,"og_article_section":null,"og_article_tags":null,"twitter_use_og":true,"twitter_card":"summary_large_image","twitter_image_type":"default","twitter_image_url":null,"twitter_image_custom_url":null,"twitter_image_custom_fields":null,"twitter_title":"Engagement communautaire au Qu\u00e9bec | Clinique Omicron","twitter_description":"D\u00e9couvrez les initiatives, partenariats et activit\u00e9s de sensibilisation en sant\u00e9 men\u00e9s par le r\u00e9seau Clinique Omicron aupr\u00e8s des communaut\u00e9s du Qu\u00e9bec.","schema":{"blockGraphs":[],"customGraphs":[],"default":{"data":{"Article":[],"Course":[],"Dataset":[],"FAQPage":[],"Movie":[],"Person":[],"Product":[],"ProductReview":[],"Car":[],"Recipe":[],"Service":[],"SoftwareApplication":[],"WebPage":[]},"graphName":"WebPage","isEnabled":true},"graphs":[]},"schema_type":"default","schema_type_options":null,"pillar_content":false,"robots_default":true,"robots_noindex":false,"robots_noarchive":false,"robots_nosnippet":false,"robots_nofollow":false,"robots_noimageindex":false,"robots_noodp":false,"robots_notranslate":false,"robots_max_snippet":"-1","robots_max_videopreview":"-1","robots_max_imagepreview":"large","priority":null,"frequency":"default","local_seo":null,"seo_analyzer_scan_date":"2026-05-22 18:01:57","breadcrumb_settings":null,"limit_modified_date":false,"reviewed_by":"0","open_ai":null,"ai":{"faqs":[],"keyPoints":[],"schemas":[],"titles":[],"descriptions":[],"socialPosts":{"email":[],"linkedin":[],"twitter":[],"facebook":[],"instagram":[]}},"created":"2026-05-22 17:17:42","updated":"2026-06-13 10:37:14","focus_keyword":"Engagement communautaire","additional_keywords":[{"word":"initiatives sant\u00e9 Qu\u00e9bec","score":100},{"word":"clinique communaut\u00e9","score":100},{"word":"sensibilisation sant\u00e9","score":100},{"word":"partenariats sant\u00e9 Qu\u00e9bec","score":100},{"word":"pr\u00e9vention communautaire","score":100}],"truseo_locale":null},"aioseo_breadcrumb":"<div class=\"aioseo-breadcrumbs\"><span class=\"aioseo-breadcrumb\">\n\t<a href=\"https:\/\/cliniqueomicron.ca\/en\" title=\"Accueil\">Accueil<\/a>\n<\/span><span class=\"aioseo-breadcrumb-separator\">\u203a<\/span><span class=\"aioseo-breadcrumb\">\n\tEngagement communautaire au Qu\u00e9bec | Clinique Omicron\n<\/span><\/div>","aioseo_breadcrumb_json":[{"label":"Accueil","link":"https:\/\/cliniqueomicron.ca\/en"},{"label":"Engagement communautaire au Qu\u00e9bec | Clinique Omicron","link":"https:\/\/cliniqueomicron.ca\/en\/engagement-communautaire\/"}],"_links":{"self":[{"href":"https:\/\/cliniqueomicron.ca\/en\/wp-json\/wp\/v2\/pages\/35870","targetHints":{"allow":["GET"]}}],"collection":[{"href":"https:\/\/cliniqueomicron.ca\/en\/wp-json\/wp\/v2\/pages"}],"about":[{"href":"https:\/\/cliniqueomicron.ca\/en\/wp-json\/wp\/v2\/types\/page"}],"author":[{"embeddable":true,"href":"https:\/\/cliniqueomicron.ca\/en\/wp-json\/wp\/v2\/users\/1"}],"replies":[{"embeddable":true,"href":"https:\/\/cliniqueomicron.ca\/en\/wp-json\/wp\/v2\/comments?post=35870"}],"version-history":[{"count":5,"href":"https:\/\/cliniqueomicron.ca\/en\/wp-json\/wp\/v2\/pages\/35870\/revisions"}],"predecessor-version":[{"id":35879,"href":"https:\/\/cliniqueomicron.ca\/en\/wp-json\/wp\/v2\/pages\/35870\/revisions\/35879"}],"wp:attachment":[{"href":"https:\/\/cliniqueomicron.ca\/en\/wp-json\/wp\/v2\/media?parent=35870"}],"curies":[{"name":"wp","href":"https:\/\/api.w.org\/{rel}","templated":true}]}}